{"id":4581,"date":"2025-12-30T01:32:12","date_gmt":"2025-12-30T00:32:12","guid":{"rendered":"https:\/\/akhamani.org\/?page_id=4581"},"modified":"2026-04-30T01:01:08","modified_gmt":"2026-04-29T23:01:08","slug":"einigendes-neues-ahnenfeuer-europa","status":"publish","type":"page","link":"https:\/\/akhamani.org\/fr\/einigendes-neues-ahnenfeuer-europa\/","title":{"rendered":"Entz\u00fcndung eines einigenden neuen Ahnenfeuers in Europa"},"content":{"rendered":"<figure class=\"wp-block-image size-large\"><img loading=\"lazy\" decoding=\"async\" width=\"400\" height=\"98\" src=\"https:\/\/akhamani.org\/wp-content\/uploads\/2020\/09\/AKH_Akhamani_Logo_Horizontal_F_2Color-e1601557524479.png\" alt=\"Akhamani\" class=\"wp-image-759\"\/><\/figure>\n\n\n\n<h1 class=\"wp-block-heading\">Entz\u00fcndung eines einigenden neuen Ahnenfeuers in Europa<\/h1>\n\n\n\n<nav class=\"breadcrumbs\" aria-label=\"Fil d&#039;Ariane\"><a href=\"https:\/\/akhamani.org\/fr\/\" class=\"breadcrumb breadcrumb--first\">Accueil<\/a> <span class='breadcrumbs__separator' aria-hidden='true'>\u00bb<\/span> <span class=\"breadcrumb breadcrumb--last\" aria-current=\"page\"><\/span><\/nav>\n\n\n\n<p>Das Leben ist wie eine Leinwand, auf der wir das Bild unserer Menschlichkeit malen. Jeder von uns geht zwar seinen eigenen Weg, doch es gibt viele universelle F\u00e4den, die uns alle verbinden.<\/p>\n\n\n\n<p>Viele von uns waren einmal Elternteil, Kind, Geschwister, Freund, Ratgeber oder Partner \u2013 Erfahrungen, die zwar zutiefst pers\u00f6nlich sind, aber fast jeder von uns teilt.<\/p>\n\n\n\n<p>Auf den ersten Blick mag es so scheinen, als w\u00e4ren wir Welten voneinander entfernt, getrennt durch Grenzen, Sprache, Religion und gegens\u00e4tzliche Ansichten. Doch wenn wir tiefer blicken, unter diese oberfl\u00e4chlichen Schichten, entdecken wir, dass unsere tiefsten W\u00fcnsche, Tr\u00e4ume und sogar \u00c4ngste erstaunlich \u00e4hnlich sind. Sie sind die universellen Sehns\u00fcchte, die uns verbinden; die gemeinsame Basis, auf der wir alle stehen k\u00f6nnen, unabh\u00e4ngig von den verschiedenen Wegen, die wir beschreiten.<\/p>\n\n\n\n<p>In diesem weiten, farbenfrohen Gewebe des Lebens jenseits von Kulturen, Hintergr\u00fcnden, Philosophien und Perspektiven finden wir einen gemeinsamen Faden, der unser gesamtes menschliches Dasein durchzieht: Wir lieben und wollen geliebt werden, wir k\u00e4mpfen, wir leiden, wir tr\u00e4umen, wir wollen gl\u00fccklich sein und wir wollen dazugeh\u00f6ren. Dieses gemeinsame Band vereint uns in unserer Verletzlichkeit, unseren W\u00fcnschen und Sehns\u00fcchten.<\/p>\n\n\n\n<p>Dieser universelle Kern ist keine neue Entdeckung; er ist so alt wie die Menschheit selbst.<\/p>\n\n\n\n<p>Das verbindende Neue Feuer ist ein Aufruf zum friedlichen Zusammenleben; es ist eine Einladung, tiefer in unsere gemeinsame Menschlichkeit einzutauchen.<\/p>\n\n\n\n<p>Es ist die Erkenntnis, dass unsere gemeinsame Menschlichkeit mit der kollektiven Verantwortung einhergeht, Verst\u00e4ndnis, Mitgef\u00fchl, N\u00e4chstenliebe, Weisheit und Einheit zu f\u00f6rdern.<\/p>\n\n\n\n<p>Es ist eine Einladung, neugierig zu sein, Gemeinsamkeiten zu entdecken und gemeinsame Bed\u00fcrfnisse anzunehmen. Wir wollen dazu beitragen, eine Welt zu erschaffen, in der unsere Unterschiede zu lebendigen F\u00e4den im Gewebe unserer gemeinsamen Menschlichkeit werden und eine Geschichte der Verbundenheit, des Mitgef\u00fchls und des gemeinsamen Weges in eine friedliche Zukunft weben.<\/p>\n\n\n\n<p>Das Einende Neue Feuer in Europa ist ein Zeugnis der au\u00dfergew\u00f6hnlichen St\u00e4rke des menschlichen Geistes, die in jedem von uns wohnt. Es ist die Quelle von Widerstandskraft, Mut und dem unbezwingbaren Willen, Widrigkeiten zu \u00fcberwinden.<\/p>\n\n\n\n<p>Es ist der Geist, der die immateriellen Aspekte unseres Seins umfasst, einschlie\u00dflich unserer Gef\u00fchle, Gedanken, \u00dcberzeugungen und Bestrebungen. Er ist die treibende Kraft hinter unserem Handeln und die Quelle unserer inneren St\u00e4rke. Er ist das Leuchtfeuer, das uns durch die dunkelsten Zeiten leitet.<\/p>\n\n\n\n<p>Das Entz\u00fcnden des Einenden Neuen Feuers in Europa ist ein Aufruf, ein Feuer in uns zu entfachen, das sich nicht erl\u00f6schen l\u00e4sst; ein Feuer, das von Natur aus mitf\u00fchlend ist und uns erm\u00f6glicht, uns selbst und andere jenseits von Unwissenheit zu verbinden.<\/p>\n\n\n\n<p>Es ist ein Ermahnen, eine harmonische Welt zu schaffen.<\/p>\n\n\n\n<p>\u201eFrag nicht, was die Welt braucht. Frag dich, was dich lebendig macht, und tu es. Denn was die Welt braucht, sind Menschen, die lebendig geworden sind.\u201c ~ Howard Thurman<\/p>\n\n\n\n<p>Das Vereinende neue Feuer in Europa ist ein Aufruf, lebendig zu werden.<\/p>\n\n\n\n<p>Von Schriftrollen bis zur Druckpressen, von Teleskopen bis zu Raketen \u2013 die Menschheit sprengte ihre Grenzen. Sie spaltete das Atom, entschl\u00fcsselte das Gen, betrat den Mond und kartierte das unsichtbare Netz des Kosmos. Doch trotz all ihrer Triumphe ist sie immer noch zerbrechlich \u2013 denn Kriege w\u00fcten, Hunger ist allgegenw\u00e4rtig, und die Erde st\u00f6hnt unter der Last menschlichen Ehrgeizes.<\/p>\n\n\n\n<p>Doch selbst in den dunkelsten Stunden bleibt ein stiller Trotz bestehen \u2013 der Glaube, dass morgen besser sein kann. Dieser Funke ist in den Slums sp\u00fcrbar, wo Kinder bei Kerzenlicht lesen lernen, in den Laboren, wo Wissenschaftler an der Heilung des Unheilbaren arbeiten, in den W\u00e4ldern, wo Natursch\u00fctzer die letzten uralten B\u00e4ume bewahren \u2013 die Flamme brennt weiter.<\/p>\n\n\n\n<p>Sie lodert in denen, die nach gro\u00dfem Schmerz vergeben, die B\u00e4ume pflanzen, obwohl sie nie in ihrem Schatten sitzen werden, die Br\u00fccken statt Mauern bauen. Sie lebt im Pinsel des K\u00fcnstlers, in der Hingabe des Lehrers, im Ruf des Aktivisten, im Wiegenlied der Mutter.<\/p>\n\n\n\n<p>Das Feuer der Menschheit ist nicht geradlinig. Es erlischt, es vergisst und es lernt von Neuem. Doch in jeder Generation gibt es jene, die das Feuer weitertragen \u2013 nicht das Feuer der Zerst\u00f6rung, sondern das der Sch\u00f6pfung, der Verbundenheit und des Mitgef\u00fchls.<\/p>\n\n\n\n<p>Es brennt in dir, in mir, in der gesamten Menschheit. Wir sind die neuen Tr\u00e4ger dieses uralten Feuers, das mit jeder Geste der Freundlichkeit, jedem Akt des Respekts, jedem offenen Herzen, jeder gereichten Hand, jedem bek\u00e4mpften Unrecht, jeder Grenze, die nicht aus Eroberung, sondern aus Mut \u00fcberschritten wird, immer wieder neu entfacht wird.<\/p>\n\n\n\n<p>Das Einende neue Feuer in Europa ist die Flamme des Werdens. Es ist die universelle Gnade der Menschheit, die nicht durch Nationalit\u00e4t, Hautfarbe oder Religion begrenzt ist. Es ist die Sprache ohne Grenzen und das Band, das uns als Menschen verbindet und die Weisheit und Sch\u00f6nheit unserer Unterschiede feiert.<\/p>\n\n\n\n<p><strong>Diese Veranstaltung ist kostenfrei f\u00fcr alle, die gerne teilnehmen m\u00f6chten.<\/strong><\/p>\n\n\n\n<p><strong>Sprachen: <\/strong>English<strong><br>Wann: <\/strong>18. &#8211; 21. Juni<strong><br>Zeit: <\/strong>4-Tages Event<strong><br>Wo: <\/strong>Alpen, bei Z\u00fcrich, Schweiz<\/p>\n\n\n\n<p><br><mark style=\"background-color:rgba(0, 0, 0, 0);color:#9c1d85\" class=\"has-inline-color\">Essen, Snacks, Getr\u00e4nke und Unterkunft sind nicht enthalten.<\/mark><br>Bitte plant selbstst\u00e4ndig f\u00fcr Getr\u00e4nke und Snacks w\u00e4hrend der Pausenzeiten. <\/p>\n\n\n\n<div data-block-name=\"woocommerce\/single-product\" data-product-id=\"4583\" data-wp-context=\"{&quot;productId&quot;:4583,&quot;variationId&quot;:null}\" data-wp-interactive=\"woocommerce\/single-product\" class=\"wp-block-woocommerce-single-product woocommerce\">\n<div class=\"wp-block-columns is-layout-flex wp-container-core-columns-is-layout-9d6595d7 wp-block-columns-is-layout-flex\">\n<div class=\"wp-block-column is-layout-flow wp-block-column-is-layout-flow\"><div data-block-name=\"woocommerce\/product-image\" data-is-descendent-of-single-product-block=\"true\" data-show-sale-badge=\"false\" class=\"wc-block-components-product-image wc-block-grid__product-image wc-block-components-product-image--aspect-ratio-auto wp-block-woocommerce-product-image\"><a href=\"https:\/\/akhamani.org\/fr\/produit\/einigendes-neues-ahnenfeuer-europa-event\/\" style=\"\" data-wp-on--click=\"woocommerce\/product-collection::actions.viewProduct\"><img decoding=\"async\" width=\"350\" height=\"495\" src=\"https:\/\/akhamani.org\/wp-content\/uploads\/2025\/12\/DE-einigendes-neues-ahnenfeuer-in-europa-2-350x495.jpeg\" class=\"attachment-woocommerce_single size-woocommerce_single\" alt=\"DE einigendes neues ahnenfeuer in europa\" data-testid=\"product-image\" data-image-id=\"5192\" style=\"object-fit:cover;\" loading=\"lazy\" srcset=\"https:\/\/akhamani.org\/wp-content\/uploads\/2025\/12\/DE-einigendes-neues-ahnenfeuer-in-europa-2-350x495.jpeg 350w, https:\/\/akhamani.org\/wp-content\/uploads\/2025\/12\/DE-einigendes-neues-ahnenfeuer-in-europa-2-212x300.jpeg 212w, https:\/\/akhamani.org\/wp-content\/uploads\/2025\/12\/DE-einigendes-neues-ahnenfeuer-in-europa-2-724x1024.jpeg 724w, https:\/\/akhamani.org\/wp-content\/uploads\/2025\/12\/DE-einigendes-neues-ahnenfeuer-in-europa-2-768x1086.jpeg 768w, https:\/\/akhamani.org\/wp-content\/uploads\/2025\/12\/DE-einigendes-neues-ahnenfeuer-in-europa-2-50x71.jpeg 50w, https:\/\/akhamani.org\/wp-content\/uploads\/2025\/12\/DE-einigendes-neues-ahnenfeuer-in-europa-2-1086x1536.jpeg 1086w, https:\/\/akhamani.org\/wp-content\/uploads\/2025\/12\/DE-einigendes-neues-ahnenfeuer-in-europa-2-8x12.jpeg 8w, https:\/\/akhamani.org\/wp-content\/uploads\/2025\/12\/DE-einigendes-neues-ahnenfeuer-in-europa-2.jpeg 1414w\" sizes=\"auto, 100vw\" \/><div class=\"wc-block-components-product-image__inner-container\">\n\n<\/div><\/a><\/div><\/div>\n\n\n\n<div class=\"wp-block-column is-vertically-aligned-center is-layout-flow wp-block-column-is-layout-flow\"><h2 class=\"wp-block-post-title\"><a href=\"https:\/\/akhamani.org\/fr\/produit\/einigendes-neues-ahnenfeuer-europa-event\/\" target=\"_self\" >Entz\u00fcndung eines Einigenden Neuen Ahnenfeuers in Europa \u2014 Reservierungsanfrage<\/a><\/h2>\n\n<div data-block-name=\"woocommerce\/add-to-cart-form\" class=\"wp-block-add-to-cart-form wc-block-add-to-cart-form wc-block-add-to-cart-form--input wp-block-woocommerce-add-to-cart-form\" >\n\t\n\t<form class=\"cart\" action=\"https:\/\/akhamani.org\/fr\/produit\/einigendes-neues-ahnenfeuer-europa-event\/\" method=\"post\" enctype='multipart\/form-data' data-trp-original-action=\"https:\/\/akhamani.org\/fr\/produit\/einigendes-neues-ahnenfeuer-europa-event\/\">\n\t\t\n\t\t<div class=\"quantity\">\n\t\t<label class=\"screen-reader-text\" for=\"quantity_69f300629aaf7\" data-no-translation=\"\" data-trp-gettext=\"\">quantit\u00e9 de Entz\u00fcndung eines Einigenden Neuen Ahnenfeuers in Europa \u2014 Reservierungsanfrage<\/label>\n\t<input\n\t\ttype=\"number\"\n\t\t\t\tid=\"quantity_69f300629aaf7\"\n\t\tclass=\"input-text qty text\"\n\t\tname=\"quantity\"\n\t\tvalue=\"1\"\n\t\taria-label=\"Quantit\u00e9 de produits\"\n\t\t\t\tmin=\"1\"\n\t\t\t\t\t\t\tstep=\"1\"\n\t\t\tplaceholder=\"\"\n\t\t\tinputmode=\"numeric\"\n\t\t\tautocomplete=\"off\" data-no-translation-aria-label=\"\"\n\t\t\t\/>\n\t<\/div>\n\n\t\t<button type=\"submit\" name=\"add-to-cart\" value=\"4583\" class=\"single_add_to_cart_button button alt\">Request a Spot<\/button>\n\n\t\t\t<input type=\"hidden\" name=\"trp-form-language\" value=\"fr\"\/><\/form>\n\n\t\n<\/div>\n\n\n<div style=\"height:30px\" aria-hidden=\"true\" class=\"wp-block-spacer\"><\/div>\n\n\n\n<div data-block-name=\"woocommerce\/product-meta\" class=\"wp-block-woocommerce-product-meta\">\n<div class=\"wp-block-group is-nowrap is-layout-flex wp-container-core-group-is-layout-ad2f72ca wp-block-group-is-layout-flex\"><div class=\"taxonomy-product_cat wp-block-post-terms\"><span class=\"wp-block-post-terms__prefix\">Category: <\/span><a href=\"https:\/\/akhamani.org\/fr\/categorie-produit\/akhamani-events-translation\/\" rel=\"tag\">Akhamani Events Translation<\/a><\/div><\/div>\n<\/div>\n<\/div>\n<\/div>\n<\/div>\n\n\n\n<p><\/p>\n\n\n\n<hr class=\"wp-block-separator has-alpha-channel-opacity is-style-wide\"\/>\n\n\n\n<div style=\"height:30px\" aria-hidden=\"true\" class=\"wp-block-spacer\"><\/div>\n\n\n\n<p>Wenn wir uns um das Feuer versammeln, stellen die Menschen manchmal eine wichtige Frage: Warum spielt das Feuer eine so zentrale Rolle beim Zusammenkommen von Menschen? Warum Feuer? Warum gerade jetzt das Feuer?&nbsp;<\/p>\n\n\n\n<p>Es ist eine Geschichte, so alt wie die Menschheit selbst. Wir finden das Echo derselben Geschichte in den heiligen Erz\u00e4hlungen vieler spiritueller Traditionen weltweit.<\/p>\n\n\n\n<p>Es war einmal eine unber\u00fchrte, geheimnisvolle Welt, die vor der Ankunft der Menschheit existierte. Damals waren wir Teil der Natur und bewegten uns in ihr wie die anderen Tiere. Doch wir hatten weder Krallen noch Rei\u00dfz\u00e4hne oder Fl\u00fcgel. Wir liefen nicht auf allen Vieren und lebten nicht im Wasser. Wir hatten kein Fell wie die anderen. Wir lebten in einer urspr\u00fcnglichen Wildnis, \u00e4hnlich dem Garten Eden, und durchstreiften das Land ohne Schutz und festen Ort.<\/p>\n\n\n\n<p>Dann geschah etwas, das unser Leben f\u00fcr immer ver\u00e4nderte. Das Feuer hielt Einzug in unser Leben, und wir entwickelten eine besondere Beziehung zu ihm. Durch das Feuer fanden wir Licht in der Dunkelheit und W\u00e4rme in der K\u00e4lte. Auch unsere Essgewohnheiten ver\u00e4nderten sich, als wir begannen, unser Essen zuzubereiten. Erstaunlicherweise war diese Pr\u00e4senz des Feuers weit mehr als nur n\u00fctzlich.<\/p>\n\n\n\n<p>Wir begannen, uns im Kreis zu versammeln und entdeckten die F\u00e4higkeit, die Welt anders wahrzunehmen als der Rest der Sch\u00f6pfung. Anstatt wie die \u00fcbrige Sch\u00f6pfung im unmittelbaren Fluss des Lebens zu leben, konnten wir innehalten und reflektieren. Zum ersten Mal konnten wir dar\u00fcber nachdenken, wie wir Nahrung beschaffen oder Unterk\u00fcnfte bauen konnten. Wir konnten unsere Handlungen planen und koordinieren. Wir konnten \u00fcberlegen, wie wir Dinge anders oder besser machen k\u00f6nnten. Dieser neu entdeckte \u201eGeist\u201c erwies sich als unendlich kreativ und wurde zu einem Werkzeug, das sich in vielen praktischen Situationen anwenden lie\u00df. Wir bauten die verschiedensten Arten von Unterk\u00fcnften. Wir stellten Kleidung her, jagten mit Werkzeugen, bauten Feldfr\u00fcchte an und organisierten uns auf fruchtbare Weise; dies erm\u00f6glichte uns nicht nur das \u00dcberleben, sondern auch ein Gedeihen durch Methoden, die den anderen Tieren verschlossen blieben. Doch diese Gabe des Geistes (und unsere F\u00e4higkeit zu reflektieren und das Gesehene neu zu erkennen) sollte unsere Welt f\u00fcr immer ver\u00e4ndern.<\/p>\n\n\n\n<p>Diese Gabe f\u00fchrte zu einer Trennung von der geheimnisvollen, lebendigen Sch\u00f6pfung der Welt und hinterlie\u00df in uns das Gef\u00fchl, von anderen getrennt zu sein und die Verbindung zu unserem wahren Selbst und unserem Gleichgewicht in der Welt zu verlieren. Diese Gabe hatte ihren Preis. Die Stimme des Verstandes, oft auch Ego genannt, verursachte, ungehindert ihren eigenen Interessen folgend, unermessliches Leid und Zerst\u00f6rung.<\/p>\n\n\n\n<p>Doch das G\u00f6ttliche wusste, dass wir in Schwierigkeiten geraten w\u00fcrden, und gab uns f\u00fcnf grundlegende Gegenmittel gegen die Nachteile dieser Gabe des Geistes. Uns wurde Folgendes gegeben:<\/p>\n\n\n\n<ul class=\"wp-block-list\">\n<li><strong>Weisheit: <\/strong>Sie hilft uns, ein gutes Leben zu f\u00fchren, auch wenn sie erlernt und erworben werden muss. Weisheit erhellt die nat\u00fcrliche Blindheit und den Egoismus des Geistes und zeigt uns, wie wir das Leben, die Welt, einander und uns selbst besser verstehen k\u00f6nnen.<br><\/li>\n\n\n\n<li><strong>Traditionen:<\/strong> Die verschiedenen Wege, wie Menschen in einer Gemeinschaft Weisheit wahren, weitergeben und an k\u00fcnftige Generationen \u00fcberliefern. Dazu geh\u00f6rt auch, wie wir mit Weisheit als einem sich st\u00e4ndig entfaltenden Mysterium des Lebens umgehen, welches Ver\u00e4nderungen hervorbringt.<br><\/li>\n\n\n\n<li><strong>Spezifische Emotionen:<\/strong> Mut, um die nat\u00fcrliche Angst im Verstand zu \u00fcberwinden. Dankbarkeit, um das Empfangene wertzusch\u00e4tzen. Humor und Lachen, um die Last der Trennung zu erleichtern. Uns wurde tiefe Trauer gegeben, damit wir den Verlust loslassen k\u00f6nnen.<br><\/li>\n\n\n\n<li><strong>Zeremonie:<\/strong> Um uns zu helfen, unser Gef\u00fchl der Trennung zu \u00fcberwinden und uns enger mit dem Mysterium der Welt verbunden zu f\u00fchlen, das von unserem Verstand nicht erfasst werden kann.<br><\/li>\n\n\n\n<li><strong>Feuer h\u00fcten:<\/strong> Ein Ausdruck von Herzlichkeit, Verbindung und Transformation, um uns offen zu halten, wenn Zweifel und Angst unseren Verstand tr\u00fcben.<\/li>\n<\/ul>\n\n\n\n<p>Manche erhielten zus\u00e4tzlich zu diesen f\u00fcnf Gegenmitteln auch besondere Pflanzen. Jahrtausendelang lebten die Menschen in vielen L\u00e4ndern mit diesen f\u00fcnf Gaben und blieben ihnen treu ergeben, so wie sie geboren wurden, lebten, mit anderen teilten und schlie\u00dflich aus dieser Welt schieden.<\/p>\n\n\n\n<p>Lange Zeit verschaffte uns der Verstand gro\u00dfe Vorteile. Damals wurde er jedoch durch Weisheit, Tradition, Zeremonie, Spezifische Emotionen und das Bewahren des Feuers im Gleichgewicht gehalten, sodass das Leben auf harmonische Weise weitergehen konnte. Mit der Zeit jedoch wurde die Stimme des Verstandes immer lauter und f\u00fchrte zu einem Ungleichgewicht:<\/p>\n\n\n\n<ul class=\"wp-block-list\">\n<li>Weisheit wurde angezweifelt und sp\u00e4ter mit Informationen verwechselt.<\/li>\n\n\n\n<li>Kulturen, die sich einem Leben in Weisheit verschrieben hatten, wurden \u00fcberrannt, vernachl\u00e4ssigt und vergessen.<\/li>\n\n\n\n<li>Emotionen wurden missverstanden und kontrolliert.<\/li>\n\n\n\n<li>Zeremonien wurden verkannt, nicht wertgesch\u00e4tzt oder vergessen, und<\/li>\n\n\n\n<li>Das H\u00fcten des Feuers wurde gef\u00fcrchtet oder auf rein praktische Aspekte reduziert.<\/li>\n<\/ul>\n\n\n\n<p>Selbst in dieser Zeit gro\u00dfen materiellen und finanziellen Wohlstands f\u00fchlten sich die Menschen zunehmend von sich selbst, voneinander und der Natur entfremdet. Der Sinn und Zweck des Lebens \u2013 sowohl des Einzelnen als auch der Gemeinschaft \u2013 schwand, w\u00e4hrend Verwirrung, Misstrauen und falsches Wissen an seine Stelle traten.<\/p>\n\n\n\n<p>Wir leben JETZT in diesen Zeiten der Verwirrung und des Ungleichgewichts.<\/p>\n\n\n\n<p>Der Geist des Feuers, vielerorts bekannt als Gro\u00dfvater Feuer, ist uns in dieser schwierigen und bed\u00fcrftigen Zeit erneut erschienen, um uns beizustehen und uns zu helfen, den Verstand mit der Weisheit des Herzens in Einklang zu bringen.<\/p>\n\n\n\n<p>Aus dieser Inspiration und der F\u00fchrung vieler Weisheitsh\u00fcter aus aller Welt entstand das Einigende Neue Ahnenfeuer, um die Verbindung der Menschheit zu Herz, Verstand und Seele durch das Feuer in allen Lebensphasen und -zyklen f\u00fcr kommende Generationen zu st\u00e4rken. Unser Bestreben ist es, dieses vereinende Feuer in Europa zu erhalten und zu f\u00f6rdern \u2013 f\u00fcr eine bessere Menschheit.<\/p>\n\n\n\n<h2 class=\"wp-block-heading\">Die Reise und ihre Erkenntnisse<\/h2>\n\n\n\n<p>Nach anderthalb Jahren intensiver Forschung, Kontemplation, Selbstreflexion, der Integration der Lehren von Weisheitsh\u00fcter aus aller Welt und zahlreicher Pilgerreisen zu heiligen St\u00e4tten in Europa entstand das Neue Feuer der Einheit der Ahnen in Europa.<\/p>\n\n\n\n<p><strong>Unsere Reise hat gezeigt, dass das Entz\u00fcnden heiliger Feuer jenseits kultureller Unterschiede ein universelles Symbol f\u00fcr gemeinsame Menschlichkeit, Weisheit, Mitgef\u00fchl, Tradition und Vereinigung ist.<\/strong><\/p>\n\n\n\n<p><strong>Universell wird eine Feuerzeremonie als besonderer Aspekt der menschlichen Erfahrung betrachtet \u2013 ein Moment, wo und wann wir uns durch Reinigung, Loslassen, \u00dcberwindung von Hindernissen und Transformation erlauben, den \u00dcbergang von einem Bewusstseinszustand in den n\u00e4chsten begehen.<\/strong><\/p>\n\n\n\n<p>Zur Sommersonnenwende im Jahr 2026 werden wir ein vereinendes neues Ahnenfeuer in Europa entz\u00fcnden, ein Ereignis, das seit vielen Jahren nicht mehr stattgefunden hat \u2013 ein heiliger Moment, der durch das Vereinigen uralter Asche aus ehrw\u00fcrdigen Traditionen Nordamerikas, S\u00fcdamerikas, Indiens, Nepals, Tibets und der Mongolei gekennzeichnet sein wird.<\/p>\n\n\n\n<p>Durch diesen Akt w\u00fcrdigen wir unser vielf\u00e4ltiges kulturelles Erbe und feiern die universelle Essenz des heiligen Feuers, das uns alle verbindet.<\/p>\n\n\n\n<p>Wir danken allen Weisheitsh\u00fctern, die sich mit uns versammelt haben, um ein neues Kapitel kollektiven Erinnerns, Weisheit und Einheit zu entfachen.<\/p>\n\n\n\n<h1 class=\"wp-block-heading\">Beschreibung<\/h1>\n\n\n\n<p>Wir dr\u00fccken unsere tiefe Dankbarkeit und Anerkennung gegen\u00fcber den vielen Weisheitsh\u00fctern aus, die uns durch das Teilen ihres Wissens, F\u00fchrung und Lehren kontinuierlich unterst\u00fctzen. Ihre Erfahrung, Demut und Unterst\u00fctzung auf dem Weg zu dieser Zeremonie stellt einen wesentlichen Teil ihrer Entfaltung dar.<\/p>\n\n\n\n<p>Obwohl nicht alle Weisheitsh\u00fcter, die uns auf dieser Reise begleiten, physisch anwesend sein k\u00f6nnen, sind sie alle im Geiste bei uns \u2013 durch die m\u00fcndlichen \u00dcbertragungen, die sie uns anvertraut haben, und durch den Akt des Entz\u00fcndens des einigenden neuen Ahnenfeuers in Europa.<\/p>\n\n\n\n<p>Wir danken allen, die sich uns angeschlossen und uns unterst\u00fctzt haben. Ohne sie w\u00e4re all dies nicht m\u00f6glich gewesen. M\u00f6ge diese Reise der gesamten Sch\u00f6pfung zum Segen gereichen.<\/p>\n\n\n\n<p>M\u00f6gen durch diesen Verdienst alle Wesen den allwissenden Zustand der Erleuchtung erreichen und den Feind der Fehler und T\u00e4uschung besiegen. M\u00f6gen sie alle aus diesem Ozean des Sa\u1e43s\u0101ra und seinen tosenden Wellen von Geburt, Alter, Krankheit und Tod befreit werden!<\/p>\n\n\n\n<p>F\u00fcr all unsere Beziehungen.<\/p>\n\n\n\n<h2 class=\"wp-block-heading\">Unterst\u00fctzende Akhamani Botschafter<\/h2>\n\n\n\n<p>Mit tiefer Dankbarkeit und Respekt danken wir den Akhamani Botschaftern, die uns mit ihrer Anwesenheit, ihrer Weisheit und ihren Lehren zur Unterst\u00fctzung des Entz\u00fcndens des vereinenden neuen Ahnenfeuers in Europa unterst\u00fctzen werden.<\/p>\n\n\n\n<p>Unser Dank und Respekt gilt auch dem verstorbenen Abuelo Jes\u00fas Fabi\u00e1n Ortiz aus der olmekischen Linie f\u00fcr sein Vertrauen in uns; daf\u00fcr, dass er uns zu H\u00fctern der Asche des Chickaban-Feuers gemacht hat; und daf\u00fcr, dass er die T\u00fcr zu einer Reise ge\u00f6ffnet hat, die das Entz\u00fcnden dieses vereinigenden neuen Ahnenfeuers in Europa hervorgebracht hat.<\/p>\n\n\n\n<h2 class=\"wp-block-heading\">Teilnehmende Akhamani Botschafter<\/h2>\n\n\n\n<p>Attending, in person<\/p>\n\n\n\n<h3 class=\"wp-block-heading\"><strong>Crizalia Le Blan<\/strong><\/h3>\n\n\n\n<p>Mitbegr\u00fcnder und Pr\u00e4sidentin von Akhamani<\/p>\n\n\n\n<div class=\"wp-block-media-text is-stacked-on-mobile\"><figure class=\"wp-block-media-text__media\"><img loading=\"lazy\" decoding=\"async\" width=\"608\" height=\"1080\" src=\"https:\/\/akhamani.org\/wp-content\/uploads\/2020\/08\/crizalia_bell.jpeg\" alt=\"\" class=\"wp-image-144 size-full\" srcset=\"https:\/\/akhamani.org\/wp-content\/uploads\/2020\/08\/crizalia_bell.jpeg 608w, https:\/\/akhamani.org\/wp-content\/uploads\/2020\/08\/crizalia_bell-169x300.jpeg 169w, https:\/\/akhamani.org\/wp-content\/uploads\/2020\/08\/crizalia_bell-576x1024.jpeg 576w, https:\/\/akhamani.org\/wp-content\/uploads\/2020\/08\/crizalia_bell-350x622.jpeg 350w\" sizes=\"auto, (max-width: 608px) 100vw, 608px\" \/><\/figure><div class=\"wp-block-media-text__content\">\n<p>Ich habe verschiedene heilige Orte in der Welt bereist und mit verschiedenen urt\u00fcmlichen Praktiken gearbeitet, diese unterst\u00fctzt und von ihnen gelernt. Wie unter anderem von den Buddhisten aus Tibet, Nepal, Indien und Europa; den Hindus aus Indien; den Ureinwohnern Nordamerikas; den Tolteken, Wixaritari\/Huichol und Otom\u00ed aus Mexiko; den Q\u2019ero aus Peru; afrikanischen St\u00e4mmen; Schamanen aus der Mongolei; den Mamo aus Kolumbien; den Maori aus Neuseeland und europ\u00e4ischen urt\u00fcmlichen Praktikern.<\/p>\n\n\n\n<p>Obwohl ich von verschiedenen Linien der Ahnenweisheit gelernt habe, habe ich keine spezifische Konfession. Ich versuche einfach, die Weisheit der Welt zu betrachten und in mein Leben zu integrieren, wie sie mir von den Ahnen gelehrt wurde, und wie ich sie durch die bereichernden Lektionen meines Lebens erfahren habe.<\/p>\n<\/div><\/div>\n\n\n\n<p>Akhamani zu schaffen, ist mein fortw\u00e4hrender Versuch, die \u00fcberlieferte Weisheit unserer Ahnen als Werkzeug f\u00fcr Achtsamkeit in modernen Gesellschaften zu vermitteln. Ich hoffe, dadurch ein bewusstes Miteinander zu f\u00f6rdern. Gleichzeitig ist es ein kontinuierlicher Versuch, den bed\u00fcrftigsten Gemeinschaften der Welt, die grundlegende Hilfe und Bildung ben\u00f6tigen, Unterst\u00fctzung zukommen lassen.<\/p>\n\n\n\n<h3 class=\"wp-block-heading\"><strong>Lovon Lama Shagdarsuren Baynjargal<\/strong><\/h3>\n\n\n\n<div class=\"wp-block-media-text is-stacked-on-mobile\"><figure class=\"wp-block-media-text__media\"><img loading=\"lazy\" decoding=\"async\" width=\"720\" height=\"960\" src=\"https:\/\/akhamani.org\/wp-content\/uploads\/2025\/12\/125260095_777031916488383_1759974055051791956_n.jpg\" alt=\"\" class=\"wp-image-4535 size-full\" srcset=\"https:\/\/akhamani.org\/wp-content\/uploads\/2025\/12\/125260095_777031916488383_1759974055051791956_n.jpg 720w, https:\/\/akhamani.org\/wp-content\/uploads\/2025\/12\/125260095_777031916488383_1759974055051791956_n-225x300.jpg 225w, https:\/\/akhamani.org\/wp-content\/uploads\/2025\/12\/125260095_777031916488383_1759974055051791956_n-50x67.jpg 50w, https:\/\/akhamani.org\/wp-content\/uploads\/2025\/12\/125260095_777031916488383_1759974055051791956_n-9x12.jpg 9w, https:\/\/akhamani.org\/wp-content\/uploads\/2025\/12\/125260095_777031916488383_1759974055051791956_n-350x467.jpg 350w\" sizes=\"auto, (max-width: 720px) 100vw, 720px\" \/><\/figure><div class=\"wp-block-media-text__content\">\n<p>Shagdarsuren Baynjargal ist seit 23 Jahren Lovon Lama des Klosters Tuvkhun in der Mongolei. Als er 1993 dort ankam, war das Fundament des alten Tempels nur noch eine Ruine. Seit nunmehr 28 Jahren arbeitet er unerm\u00fcdlich an der Restaurierung dieser heiligen St\u00e4tte.<\/p>\n<\/div><\/div>\n\n\n\n<h3 class=\"wp-block-heading\"><strong>Khenpo Tsultrim Tenzin Rinpoch\u00e9<\/strong><\/h3>\n\n\n\n<div class=\"wp-block-media-text is-stacked-on-mobile\"><figure class=\"wp-block-media-text__media\"><img loading=\"lazy\" decoding=\"async\" width=\"242\" height=\"300\" src=\"https:\/\/akhamani.org\/wp-content\/uploads\/2022\/05\/283772311_3235488790016781_4495457647646321938_n-242x300.jpg\" alt=\"Akhamani-ambassador\" class=\"wp-image-2547 size-full\" srcset=\"https:\/\/akhamani.org\/wp-content\/uploads\/2022\/05\/283772311_3235488790016781_4495457647646321938_n-242x300.jpg 242w, https:\/\/akhamani.org\/wp-content\/uploads\/2022\/05\/283772311_3235488790016781_4495457647646321938_n-828x1024.jpg 828w, https:\/\/akhamani.org\/wp-content\/uploads\/2022\/05\/283772311_3235488790016781_4495457647646321938_n-768x950.jpg 768w, https:\/\/akhamani.org\/wp-content\/uploads\/2022\/05\/283772311_3235488790016781_4495457647646321938_n-1600x1980.jpg 1600w, https:\/\/akhamani.org\/wp-content\/uploads\/2022\/05\/283772311_3235488790016781_4495457647646321938_n-1241x1536.jpg 1241w, https:\/\/akhamani.org\/wp-content\/uploads\/2022\/05\/283772311_3235488790016781_4495457647646321938_n-1655x2048.jpg 1655w, https:\/\/akhamani.org\/wp-content\/uploads\/2022\/05\/283772311_3235488790016781_4495457647646321938_n-10x12.jpg 10w, https:\/\/akhamani.org\/wp-content\/uploads\/2022\/05\/283772311_3235488790016781_4495457647646321938_n-350x433.jpg 350w\" sizes=\"auto, (max-width: 242px) 100vw, 242px\" \/><\/figure><div class=\"wp-block-media-text__content\">\n<p>Khenpo Tsultrim Tenzin legte im Alter von 14 Jahren seine M\u00f6nchsgel\u00fcbde ab. Er studierte die dreizehn Haupttexte bei Khenchen Nawang Gyalpo Rinpoch\u00e9 und anderen Khenpos. Au\u00dferdem erhielt er den gesamten Lamdr\u00e9-Zyklus der Einweihungen der Ngor-Sakya-Linie von Khensur Khenchen Rinpoch\u00e9. Zus\u00e4tzlich erhielt er viele Nyingma-Einweihungen und Lehren von Lama Togden Rinpoch\u00e9 und Dilgo Khyentse Rinpoch\u00e9. Sp\u00e4ter trat Khenpo Rinpoch\u00e9 dem Drikung Kagyu Institut in Jangchub Ling in Dehra Dun bei, wo er Seine Heiligkeit Drikung Kyabg\u00f6n Chetsang Rinpoch\u00e9 traf. Die spontane Hingabe, die Khenpo zu Seiner Heiligkeit f\u00fchlte, f\u00fchrte dazu, dass Seine Heiligkeit ihm erlaubte, dem Kloster beizutreten und seine Ausbildung dort fortzusetzen.<\/p>\n<\/div><\/div>\n\n\n\n<p>Nachdem er bereits die ersten vier Jahre seines Studiums an anderen Kl\u00f6stern abgeschlossen hatte, schloss Khenpo Rinpoch\u00e9 seine Ausbildung in Jangchub Ling schnell ab. Nach drei Jahren des Unterrichtens von niedrigeren Klassen im Klosterkolleg wurde er 1998 von Seiner Heiligkeit Drikung Kyabg\u00f6n Chetsang Rinpoch\u00e9 als \u201eKhenpo\u201c gekr\u00f6nt. Er verbrachte drei weitere Jahre damit, buddhistische Philosophie am Institut zu unterrichten. Zwischen seinem vollen Zeitplan, zun\u00e4chst als Student und sp\u00e4ter als Lehrer, absolvierte Khenpo Rinpoch\u00e9 die Ngondro-, Chakrasamvara- und andere Praktiken w\u00e4hrend seines R\u00fcckzugs. Im April 2001 kam Khenpo Rinpoch\u00e9 an die TMC, um Khenchen Rinpoch\u00e9 zu unterst\u00fctzen und auch um seine Englischkenntnisse zu verbessern, damit er der Verbreitung des Dharma besser dienen kann. Er begann im August desselben Jahres an der TMC zu unterrichten und wurde anschlie\u00dfend von Khenchen Rinpoch\u00e9 zum Co-Geistlichen Direktor der TMC ernannt. Khenpo Rinpoch\u00e9 ist bekannt und gesch\u00e4tzt f\u00fcr seinen ansprechenden Unterrichtsstil sowie f\u00fcr seine vollst\u00e4ndige Abwesenheit von Vorw\u00e4nden.<\/p>\n\n\n\n<p><strong>Khenpo Khenzur Nyima Wangyal Rinpoch\u00e9<\/strong><\/p>\n\n\n\n<div class=\"wp-block-media-text is-stacked-on-mobile\"><figure class=\"wp-block-media-text__media\"><img loading=\"lazy\" decoding=\"async\" width=\"300\" height=\"240\" src=\"https:\/\/akhamani.org\/wp-content\/uploads\/2020\/11\/Khenzur-Nyima-Wangyal-Rinpoche-300x240.png\" alt=\"akhamani-ancestral-wisdom-keeper\" class=\"wp-image-959 size-full\"\/><\/figure><div class=\"wp-block-media-text__content\">\n<p>Khenzur Nyima Wangyal Rinpoche ist ein zeitgen\u00f6ssischer Lai-Dzogchen-Meister, ein Sch\u00fcler von Seiner Eminenz Yongdzin Tenzin Namdak Rinpoche \u2014 seinem Wurzellehrer \u2014 und von Seiner Heiligkeit, dem verstorbenen 33. Menri Tridzin, Lungtok Tenpai Nyima Rinpoche. Er ist gelehrt in Dzogchen B\u00f6n und lebt mit seiner Familie in Frankreich, in der N\u00e4he von Paris, wo er seit 2015 unterrichtet und eine Einf\u00fchrung in die Dzogchen-Perspektive anbietet.<br>teaching since 2015, offering an introduction to&nbsp;the Dzogchen&nbsp;view.<\/p>\n<\/div><\/div>\n\n\n\n<p>Im Jahr 1995 beschloss Khenpo Nyima Wangyal, das Kloster und dessen monastische Regeln zu verlassen, um als tibetischer Yogi in verschiedenen L\u00e4ndern, Situationen und Umst\u00e4nden zu leben. Er f\u00fchlte, dass dies, entsprechend seiner Natur, ein guter Weg w\u00e4re, seine Dzogchen-Praxis zu entwickeln.<\/p>\n\n\n\n<p>Er teilt mit Menschen, die nach den erfahrungsbasierten Anweisungen suchen, die auf die Verwirklichung des nat\u00fcrlichen Geisteszustands hinweisen, die Integration aller Ph\u00e4nomene mit der urspr\u00fcnglichen Dimension, die Kontinuit\u00e4t der Praxis, die Entwicklung der Meditation und das Vertrauen w\u00e4hrend der meditativen Reise. Er betont die Bedeutung von Offenheit, Klarheit, echtem Erleben, dem breiten Teilen der Mittel und der Fr\u00fcchte der Praxis.<\/p>\n\n\n\n<h3 class=\"wp-block-heading\"><strong>Gazom Lhamo<\/strong><\/h3>\n\n\n\n<div class=\"wp-block-media-text is-stacked-on-mobile\"><figure class=\"wp-block-media-text__media\"><img loading=\"lazy\" decoding=\"async\" width=\"240\" height=\"300\" src=\"https:\/\/akhamani.org\/wp-content\/uploads\/2021\/06\/193624079_936452497187705_6519835381973828494_n-240x300.jpg\" alt=\"Gazom Lhamo\" class=\"wp-image-1672 size-full\" srcset=\"https:\/\/akhamani.org\/wp-content\/uploads\/2021\/06\/193624079_936452497187705_6519835381973828494_n-240x300.jpg 240w, https:\/\/akhamani.org\/wp-content\/uploads\/2021\/06\/193624079_936452497187705_6519835381973828494_n-818x1024.jpg 818w, https:\/\/akhamani.org\/wp-content\/uploads\/2021\/06\/193624079_936452497187705_6519835381973828494_n-768x961.jpg 768w, https:\/\/akhamani.org\/wp-content\/uploads\/2021\/06\/193624079_936452497187705_6519835381973828494_n-10x12.jpg 10w, https:\/\/akhamani.org\/wp-content\/uploads\/2021\/06\/193624079_936452497187705_6519835381973828494_n-350x438.jpg 350w, https:\/\/akhamani.org\/wp-content\/uploads\/2021\/06\/193624079_936452497187705_6519835381973828494_n-48x60.jpg 48w, https:\/\/akhamani.org\/wp-content\/uploads\/2021\/06\/193624079_936452497187705_6519835381973828494_n-72x90.jpg 72w, https:\/\/akhamani.org\/wp-content\/uploads\/2021\/06\/193624079_936452497187705_6519835381973828494_n.jpg 1048w\" sizes=\"auto, (max-width: 240px) 100vw, 240px\" \/><\/figure><div class=\"wp-block-media-text__content\">\n<p>Mein Name ist Gazom Lhamo. Seit 2010 lebe ich mit meiner Familie in Frankreich. Ich wurde in Kham Nangchen Chopdak, Tibet, geboren; einem nomadischen Dorf, das von hohen Bergen umgeben ist und von einem Fluss und einer Wiese begrenzt wird.<\/p>\n\n\n\n<p>Als ich klein war, liebte ich es, die Lieder zu singen, die mir meine Gro\u00dfmutter beigebracht hatte. Meine Gro\u00dfmutter hatte eine sehr sch\u00f6ne Stimme und liebte es zu singen. Sie sagte oft zu mir: \u201eWenn du singst, f\u00fchlst du dich nicht m\u00fcde oder unwohl.\u201c Sie sang, um sich bei der Arbeit zu behaupten. Mit 7 Jahren begann ich, traditionelle Sololieder vor Publikum zu singen; Meine Spezialit\u00e4t ist das Khamlu-Singen. Seitdem singe ich traditionelle Lieder, Khamlu, und allm\u00e4hlich begann ich auch, Mantras zu rezitieren. Alle Lieder kommen aus meinem Herzen und ich teile sie mit Freude mit allen.<\/p>\n<\/div><\/div>\n\n\n\n<h3 class=\"wp-block-heading\"><strong>Maria Juana Pe\u00f1a<\/strong><\/h3>\n\n\n\n<div class=\"wp-block-media-text is-stacked-on-mobile\"><figure class=\"wp-block-media-text__media\"><img loading=\"lazy\" decoding=\"async\" width=\"1200\" height=\"1600\" src=\"https:\/\/akhamani.org\/wp-content\/uploads\/2025\/11\/signal-2025-12-19-171949_002.jpeg\" alt=\"Maria Juana Pe\u00f1a\" class=\"wp-image-4507 size-full\" srcset=\"https:\/\/akhamani.org\/wp-content\/uploads\/2025\/11\/signal-2025-12-19-171949_002.jpeg 1200w, https:\/\/akhamani.org\/wp-content\/uploads\/2025\/11\/signal-2025-12-19-171949_002-225x300.jpeg 225w, https:\/\/akhamani.org\/wp-content\/uploads\/2025\/11\/signal-2025-12-19-171949_002-768x1024.jpeg 768w, https:\/\/akhamani.org\/wp-content\/uploads\/2025\/11\/signal-2025-12-19-171949_002-50x67.jpeg 50w, https:\/\/akhamani.org\/wp-content\/uploads\/2025\/11\/signal-2025-12-19-171949_002-1152x1536.jpeg 1152w, https:\/\/akhamani.org\/wp-content\/uploads\/2025\/11\/signal-2025-12-19-171949_002-9x12.jpeg 9w, https:\/\/akhamani.org\/wp-content\/uploads\/2025\/11\/signal-2025-12-19-171949_002-350x467.jpeg 350w\" sizes=\"auto, (max-width: 706px) 89vw, (max-width: 767px) 82vw, 740px\" \/><\/figure><div class=\"wp-block-media-text__content\">\n<p>Y\u00fch\u00fc-Otomi-Frau, Herz des Adlers, S\u00e4ngerin und Sch\u00fclerin weiser Frauen, Heilerin durch Wort und Gesang, Ta&#8217;ra Oshki.<\/p>\n\n\n\n<p>Gro\u00dfm\u00fctter und Heilerinnen weihen dich in die Geheimnisse der Natur ein. Weise und H\u00fcterinnen teilen uraltes Wissen und Traditionen mit dir auf deinem Lebensweg.<\/p>\n\n\n\n<p>Die S\u00e4ngerin stammt urspr\u00fcnglich aus der indigenen Gemeinde San Jer\u00f3nimo Acazulco in der Gemeinde Ocoyoacac, Bundesstaat Mexiko.<\/p>\n\n\n\n<p>Seit vielen Jahren teilt Mar\u00eda Pe\u00f1a ihre Kultur, ihre Sprache und ihre Traditionen mit dem Ziel, die Otom\u00ed-Y\u00fch\u00fc-Kultur zu verbreiten und weiterzugeben, die seit \u00fcber 500 Jahren die W\u00e4lder der Sierra de las Cruces bewohnt.<\/p>\n<\/div><\/div>\n\n\n\n<h3 class=\"wp-block-heading\"><strong>Ilin Kyn<\/strong><\/h3>\n\n\n\n<div class=\"wp-block-media-text is-stacked-on-mobile\" style=\"grid-template-columns:45% auto\"><figure class=\"wp-block-media-text__media\"><img loading=\"lazy\" decoding=\"async\" width=\"577\" height=\"1024\" src=\"https:\/\/akhamani.org\/wp-content\/uploads\/2026\/04\/ilin-577x1024.jpeg\" alt=\"Ilin\" class=\"wp-image-5294 size-full\" srcset=\"https:\/\/akhamani.org\/wp-content\/uploads\/2026\/04\/ilin-577x1024.jpeg 577w, https:\/\/akhamani.org\/wp-content\/uploads\/2026\/04\/ilin-169x300.jpeg 169w, https:\/\/akhamani.org\/wp-content\/uploads\/2026\/04\/ilin-50x89.jpeg 50w, https:\/\/akhamani.org\/wp-content\/uploads\/2026\/04\/ilin-7x12.jpeg 7w, https:\/\/akhamani.org\/wp-content\/uploads\/2026\/04\/ilin-350x621.jpeg 350w, https:\/\/akhamani.org\/wp-content\/uploads\/2026\/04\/ilin.jpeg 721w\" sizes=\"auto, (max-width: 577px) 100vw, 577px\" \/><\/figure><div class=\"wp-block-media-text__content\">\n<p>Ilin Kyn ist vom Volk der Sacha aus dem Norden Sibiriens. Sie ist Segnerin und wei\u00dfe Schamanin in neunter Generation. Ihre Vorfahren sind Schmied-Schamanen. Ilin Kyn arbeitet auch mit dem Feuer. Sie f\u00fchrt u.a. die Feuerzeremonie Algys durch, ein uraltes kraftvolles Segnungs- und Reinigungsritual ihres Volkes.<\/p>\n\n\n\n<p>In Rishikesh, Indien wurde sie zur Yogalehrerin ausgebildet.<\/p>\n\n\n\n<p>Sie ist ausgebildete Theaterregisseurin und hat in ihrer jakutischen Heimat das Inklusions-Theater Algys gegr\u00fcndet, dessen k\u00fcnstlerische Leiterin sie ist. Seit vielen Jahren wirken hier Behinderte und Nichtbehinderte gemeinsam auf der B\u00fchne.<\/p>\n\n\n\n<p>Als S\u00e4ngerin und Musikerin gibt sie Heilkonzerte und leitet Workshops in Intuitivem Gesang in Asien und Europa.<\/p>\n<\/div><\/div>\n\n\n\n<h3 class=\"wp-block-heading\"><strong>Alexandra Futschik<\/strong><\/h3>\n\n\n\n<div class=\"wp-block-media-text is-stacked-on-mobile\"><figure class=\"wp-block-media-text__media\"><img loading=\"lazy\" decoding=\"async\" width=\"683\" height=\"1024\" src=\"https:\/\/akhamani.org\/wp-content\/uploads\/2026\/04\/Alexandra-Futschik-683x1024.jpeg\" alt=\"Alexandra Futschik\" class=\"wp-image-5310 size-full\" srcset=\"https:\/\/akhamani.org\/wp-content\/uploads\/2026\/04\/Alexandra-Futschik-683x1024.jpeg 683w, https:\/\/akhamani.org\/wp-content\/uploads\/2026\/04\/Alexandra-Futschik-200x300.jpeg 200w, https:\/\/akhamani.org\/wp-content\/uploads\/2026\/04\/Alexandra-Futschik-768x1151.jpeg 768w, https:\/\/akhamani.org\/wp-content\/uploads\/2026\/04\/Alexandra-Futschik-50x75.jpeg 50w, https:\/\/akhamani.org\/wp-content\/uploads\/2026\/04\/Alexandra-Futschik-8x12.jpeg 8w, https:\/\/akhamani.org\/wp-content\/uploads\/2026\/04\/Alexandra-Futschik-350x525.jpeg 350w, https:\/\/akhamani.org\/wp-content\/uploads\/2026\/04\/Alexandra-Futschik.jpeg 942w\" sizes=\"auto, (max-width: 683px) 100vw, 683px\" \/><\/figure><div class=\"wp-block-media-text__content\">\n<p>Mein Name ist Alexandra Futschik, und ich stamme aus den tiefen W\u00e4ldern Ostsibiriens, nahe dem Baikalsee. Als Tochter eines Schmied-Schamanen lehnte ich den Schamanismus zun\u00e4chst ab, bis mich ein Ritual im Wald zu meinen Vorfahren f\u00fchrte. Dort erkannte ich den Segen der Heilung.<\/p>\n\n\n\n<p>Als Frauen sind wir T\u00f6chter von Mutter Erde. Indem wir unsere Kraft anerkennen, heilen wir diese Beziehung. Dadurch schaffen wir Harmonie und Gleichgewicht \u2013 nicht nur f\u00fcr uns selbst, sondern f\u00fcr alle.<\/p>\n\n\n\n<p>Zusammen mit meinem Partner bin ich Mitbegr\u00fcnderin des Retreat-Zentrums \u201eSpace of Hearts\u201c. In meinen schamanischen Frauenkreisen schaffe ich Raum f\u00fcr Liebe und Respekt. Als Schamanin, Channelerin, Frauentrainerin und \u00f6stliche Psychologin ist es meine Mission, uns Frauen zu bef\u00e4higen, unsere Kraft zu nutzen, um Gleichgewicht in die Welt zu bringen.<\/p>\n<\/div><\/div>\n\n\n\n<h3 class=\"wp-block-heading\"><strong>Chimgee Kadel<\/strong><\/h3>\n\n\n\n<div class=\"wp-block-media-text is-stacked-on-mobile\"><figure class=\"wp-block-media-text__media\"><img loading=\"lazy\" decoding=\"async\" width=\"472\" height=\"1024\" src=\"https:\/\/akhamani.org\/wp-content\/uploads\/2026\/03\/chimgee-new-472x1024.jpg\" alt=\"Chimgee Zorigt Kadel\" class=\"wp-image-5218 size-full\" srcset=\"https:\/\/akhamani.org\/wp-content\/uploads\/2026\/03\/chimgee-new-472x1024.jpg 472w, https:\/\/akhamani.org\/wp-content\/uploads\/2026\/03\/chimgee-new-138x300.jpg 138w, https:\/\/akhamani.org\/wp-content\/uploads\/2026\/03\/chimgee-new-50x108.jpg 50w, https:\/\/akhamani.org\/wp-content\/uploads\/2026\/03\/chimgee-new-708x1536.jpg 708w, https:\/\/akhamani.org\/wp-content\/uploads\/2026\/03\/chimgee-new-6x12.jpg 6w, https:\/\/akhamani.org\/wp-content\/uploads\/2026\/03\/chimgee-new-350x759.jpg 350w, https:\/\/akhamani.org\/wp-content\/uploads\/2026\/03\/chimgee-new.jpg 738w\" sizes=\"auto, (max-width: 472px) 100vw, 472px\" \/><\/figure><div class=\"wp-block-media-text__content\">\n<p>Mein Name ist Chimgee Zorigt Kadel. Geboren am Ufer des Tsagaan Nuur in der Mongolei, stamme ich aus einer Familie sibirischer Schamanen, die als J\u00e4ger und Rentier-Nomaden lebten. Schon als Kind war ich schwach und oft auf der Intensivstation \u2014 doch immer wieder heilten mich Schamanen aus der Taiga, die damals ihre Identit\u00e4t verbergen mussten. Fr\u00fch erlebte ich Visionen in Trance; lange konnte ich mich kaum an sie erinnern, nur an fremde Empfindungen.<\/p>\n\n\n\n<p>Ich glaube zutiefst daran, dass die Seele, die Kraft des Geistes und die Verbindung zu den Ahnen die Grundlage f\u00fcr ein bewusstes, erfolgreiches und erf\u00fclltes Leben bilden. Durch diese Verbindung \u00f6ffnet sich ein lebendiger Kanal zwischen dem Menschen, der spirituellen Dimension und der wahren Natur seiner Existenz.<\/p>\n\n\n\n<p>Mein bewusster Weg zum Schamanismus begann, als eine Freundin mich bat, sie zu ihrer Lehrerin zu begleiten. Seitdem arbeite ich mit den Geistern der Natur, stelle Balance und Harmonie wieder her und suche L\u00f6sungen f\u00fcr energetische und spirituelle Probleme. Respekt, Gaben und Dialog mit den Naturkr\u00e4ften sind dabei zentrale Werkzeuge.<\/p>\n<\/div><\/div>\n\n\n\n<p>Parallel dazu begleite ich als Energie-Coach Menschen auf ihrem Weg zu mehr Selbstkenntnis, innerer Freiheit und Akzeptanz. Ich helfe ihnen, ihre wahre Natur, Kraft und ihren Platz in der Welt zu erkennen, das Herz zu \u00f6ffnen und bedingungslose Selbstliebe zu entwickeln. Die Verbindung zu den Ahnen, die Kraft des Geistes und die Seele sind f\u00fcr mich Grundlage eines bewussten, erf\u00fcllten Lebens.<\/p>\n\n\n\n<h3 class=\"wp-block-heading\"><strong>Tha Wiyaka Wakan<\/strong><\/h3>\n\n\n\n<div class=\"wp-block-media-text is-stacked-on-mobile\"><figure class=\"wp-block-media-text__media\"><img loading=\"lazy\" decoding=\"async\" width=\"236\" height=\"300\" src=\"https:\/\/akhamani.org\/wp-content\/uploads\/2020\/08\/tha_profile_image-236x300.jpeg\" alt=\"akhamani-ancestral-wisdom-keeper\" class=\"wp-image-160 size-full\" srcset=\"https:\/\/akhamani.org\/wp-content\/uploads\/2020\/08\/tha_profile_image-236x300.jpeg 236w, https:\/\/akhamani.org\/wp-content\/uploads\/2020\/08\/tha_profile_image-350x446.jpeg 350w, https:\/\/akhamani.org\/wp-content\/uploads\/2020\/08\/tha_profile_image.jpeg 720w\" sizes=\"auto, (max-width: 236px) 100vw, 236px\" \/><\/figure><div class=\"wp-block-media-text__content\">\n<p>Tha Wiyaka Wakan ist von Din\u00e9-Abstammung. Seine Clans sind die Bitterwater-Leute m\u00fctterlicherseits, die Edgewater-Leute v\u00e4terlicherseits, die Toweringhouse auf der m\u00fctterlichen Seite und die Ones Who Walks Around auf der v\u00e4terlichen Seite. Er wurde in den heiligen Bergen der Din\u00e9 geboren. Sein Name bedeutet \u201eKrieger\u201c und wurde ihm aus einer Vision einem seiner Onkel gegeben. Den Fu\u00dfstapfen seiner Vorfahren folgend, ist er der H\u00fcter der Din\u00e9-Ursprungsgeschichten, die ihm durch m\u00fcndliche \u00dcberlieferung weitergegeben wurden. Sein Volk praktiziert und pflegt weiterhin ihre Zeremonien und Sprache, die aus den Kl\u00e4ngen der Natur abgeleitet ist. Er ist Chief, Leader at Large, Sun Dancer, Feuerwehrmann\/Notfallmediziner und Ersthelfer, Mann vieler Talente, J\u00e4ger, Fischer und Traumdeuter.<\/p>\n<\/div><\/div>\n\n\n\n<h3 class=\"wp-block-heading\"><strong>Amir Oorzhak<\/strong><\/h3>\n\n\n\n<div class=\"wp-block-media-text is-stacked-on-mobile\"><figure class=\"wp-block-media-text__media\"><img loading=\"lazy\" decoding=\"async\" width=\"1024\" height=\"683\" src=\"https:\/\/akhamani.org\/wp-content\/uploads\/2026\/03\/amir_oorzhak-1024x683.jpeg\" alt=\"Amir oorzhak\" class=\"wp-image-5268 size-full\" srcset=\"https:\/\/akhamani.org\/wp-content\/uploads\/2026\/03\/amir_oorzhak-1024x683.jpeg 1024w, https:\/\/akhamani.org\/wp-content\/uploads\/2026\/03\/amir_oorzhak-300x200.jpeg 300w, https:\/\/akhamani.org\/wp-content\/uploads\/2026\/03\/amir_oorzhak-768x512.jpeg 768w, https:\/\/akhamani.org\/wp-content\/uploads\/2026\/03\/amir_oorzhak-50x33.jpeg 50w, https:\/\/akhamani.org\/wp-content\/uploads\/2026\/03\/amir_oorzhak-18x12.jpeg 18w, https:\/\/akhamani.org\/wp-content\/uploads\/2026\/03\/amir_oorzhak-350x233.jpeg 350w, https:\/\/akhamani.org\/wp-content\/uploads\/2026\/03\/amir_oorzhak.jpeg 1080w\" sizes=\"auto, (max-width: 706px) 89vw, (max-width: 767px) 82vw, 740px\" \/><\/figure><div class=\"wp-block-media-text__content\">\n<p>Amir Oorzhak ist ein erblicher schwarzer Schamane der Neun Himmel sowohl v\u00e4terlicher- als auch m\u00fctterlicherseits aus Tuwa, der Wiege des Schamanismus. Gerade der schwarze Schamane hat das Recht, Heilbehandlungen f\u00fcr Menschen durchzuf\u00fchren.<\/p>\n\n\n\n<p>Als Sohn des weltweit bekannten Schamanen Nikolai Oorzhak wuchs er in einer tief verwurzelten schamanischen Tradition auf und lernte seit seiner Kindheit die in der Familie \u00fcberlieferten Techniken zum \u00d6ffnen der \u201eT\u00fcren\u201c zur Welt der inneren Energien sowie zur Kommunikation mit den Geistern.<\/p>\n\n\n\n<p>Amir ist ein Meister im Spiel traditioneller ethnischer Instrumente \u2014 Shor, Khomus, Igil, Fl\u00f6te und Trommel \u2014 sowie des tranceartigen tuwinischen Kehlgesangs (Khoomei), den er in seinen Heilsitzungen einsetzt.<br>Er unterrichtet auch den \u201eAdlertanz\u201c, eine spirituell-k\u00f6rperliche Praxis zur Arbeit an sich selbst und am eigenen K\u00f6rper.<\/p>\n<\/div><\/div>\n\n\n\n<p>In seiner Arbeit verbindet Amir rituelle K\u00f6rperhaltungen, Reinigung mit Wacholder, die Kl\u00e4nge alter Instrumente und die Vibrationen von Mantras, um Heilungsprozesse auf allen Ebenen zu f\u00f6rdern \u2014 von komplexen k\u00f6rperlichen Erkrankungen bis hin zur Transformation innerer Programme.<\/p>\n\n\n\n<p>W\u00e4hrend seiner Sitzungen unterrichtet er au\u00dferdem Kehlgesang als praktische Methode, um sich mit den Schwingungen h\u00f6herer Kr\u00e4fte zu verbinden und die Selbstheilungsprozesse des K\u00f6rpers zu aktivieren.<br>Ebenso lehrt er die alte Steindivination Khuvanak.<\/p>\n\n\n\n<p>Neben Meisterklassen, Praktiken wie \u201eUn-Hun\u201c und dem \u201eAdlertanz\u201c, \u00f6ffentlichen Vortr\u00e4gen, Auftritten und Ritualen f\u00fchrt Amir erfolgreich private Sitzungen in verschiedenen L\u00e4ndern durch, darunter Frankreich, Lettland, Rum\u00e4nien, Tschechien, die Schweiz, Deutschland und andere \u2014 sowohl online als auch offline.<\/p>\n\n\n\n<h3 class=\"wp-block-heading\"><strong>Usawuabi<\/strong><\/h3>\n\n\n\n<div class=\"wp-block-media-text is-stacked-on-mobile\"><figure class=\"wp-block-media-text__media\"><img loading=\"lazy\" decoding=\"async\" width=\"668\" height=\"1069\" src=\"https:\/\/akhamani.org\/wp-content\/uploads\/2025\/11\/emilio_usawuabi1_improved.jpg\" alt=\"Emilio usawuabi1 improved\" class=\"wp-image-4343 size-full\" srcset=\"https:\/\/akhamani.org\/wp-content\/uploads\/2025\/11\/emilio_usawuabi1_improved.jpg 668w, https:\/\/akhamani.org\/wp-content\/uploads\/2025\/11\/emilio_usawuabi1_improved-187x300.jpg 187w, https:\/\/akhamani.org\/wp-content\/uploads\/2025\/11\/emilio_usawuabi1_improved-640x1024.jpg 640w, https:\/\/akhamani.org\/wp-content\/uploads\/2025\/11\/emilio_usawuabi1_improved-50x80.jpg 50w, https:\/\/akhamani.org\/wp-content\/uploads\/2025\/11\/emilio_usawuabi1_improved-7x12.jpg 7w, https:\/\/akhamani.org\/wp-content\/uploads\/2025\/11\/emilio_usawuabi1_improved-350x560.jpg 350w\" sizes=\"auto, (max-width: 668px) 100vw, 668px\" \/><\/figure><div class=\"wp-block-media-text__content\">\n<p>Mein urspr\u00fcnglicher Name ist \u201eUsawuabi\u201c, was blaue Farbe bedeutet, jene, die nur in der W\u00fcste Wirikuta vorkommt und verwendet wird, um die Gesichter von Pilgern zu bemalen, sowie f\u00fcr Opferpfeile, die an heilige Orte gebracht werden. Ich lebe in einem Dorf der Wix\u00e1rika-Region in der Sierra Madre Occidental namens AARUXI PA, was \u201eOrt der Truth\u00e4hne\u201c bedeutet \u2013 ein heiliges Tier f\u00fcr unsere Vorfahren. Es ist ein Dorf voller K\u00fcnstler, die eine au\u00dfergew\u00f6hnliche Weltanschauung bewahren, die immer zeremoniell und immer respektvoll gegen\u00fcber der wunderbaren Natur ist, die uns umgibt. Ich lebe in tiefer Dankbarkeit gegen\u00fcber Mutter Erde (tatei yurie\u2019naka) und beabsichtige, der Erfahrung des Morgengrauens jedes Tages w\u00fcrdig zu sein.<\/p>\n<\/div><\/div>\n\n\n\n<p>Im Laufe der Zeit wurde ich ein integraler Bestandteil dieses wunderbaren Dorfes. Ich f\u00fchle mich gl\u00fccklich, zu wissen, dass ich nicht der Einzige bin, der sich bem\u00fcht, traditionelle Lebensweisen am Leben zu erhalten, indem ich die indigenen V\u00f6lker st\u00e4rke. Meine Eltern f\u00fchrten mich in meine Ahnenkultur ein. Zu dieser Zeit verstand ich noch viele Dinge nicht. Als ich jedoch aufwuchs und immer tiefer in meine Kultur verwurzelt wurde, verstand ich, dass diese Lehren nicht nur von mir und meinen Wurzeln handeln, sondern von allem Leben \u2013 der Ganzheit des Lebens, die sich tagt\u00e4glich weiterentwickelt.<br><\/p>\n\n\n\n<h3 class=\"wp-block-heading\"><strong>L\u00e9o Bardo Pe\u00f1a<\/strong><\/h3>\n\n\n\n<div class=\"wp-block-media-text is-stacked-on-mobile\"><figure class=\"wp-block-media-text__media\"><img loading=\"lazy\" decoding=\"async\" width=\"678\" height=\"1024\" src=\"https:\/\/akhamani.org\/wp-content\/uploads\/2025\/12\/leobardo-pena-678x1024.jpeg\" alt=\"Leobardo pena\" class=\"wp-image-4616 size-full\" srcset=\"https:\/\/akhamani.org\/wp-content\/uploads\/2025\/12\/leobardo-pena-678x1024.jpeg 678w, https:\/\/akhamani.org\/wp-content\/uploads\/2025\/12\/leobardo-pena-199x300.jpeg 199w, https:\/\/akhamani.org\/wp-content\/uploads\/2025\/12\/leobardo-pena-768x1160.jpeg 768w, https:\/\/akhamani.org\/wp-content\/uploads\/2025\/12\/leobardo-pena-50x76.jpeg 50w, https:\/\/akhamani.org\/wp-content\/uploads\/2025\/12\/leobardo-pena-1017x1536.jpeg 1017w, https:\/\/akhamani.org\/wp-content\/uploads\/2025\/12\/leobardo-pena-8x12.jpeg 8w, https:\/\/akhamani.org\/wp-content\/uploads\/2025\/12\/leobardo-pena-350x529.jpeg 350w, https:\/\/akhamani.org\/wp-content\/uploads\/2025\/12\/leobardo-pena.jpeg 1059w\" sizes=\"auto, (max-width: 678px) 100vw, 678px\" \/><\/figure><div class=\"wp-block-media-text__content\">\n<p>F\u00fcr Leo Bardo Pe\u00f1a ist die Ahnenweisheit das Werkzeug, mit dem die Menschen ihr Ged\u00e4chtnis und ihre Mission auf diesem wunderbaren Planeten bewahren. Die Erfahrung, die einen Menschen ins Bewusstsein bringt, ist in gro\u00dfem Ma\u00dfe das, was das Universum n\u00e4hrt, w\u00e4hrend es sich durch seine eigene Sch\u00f6pfung selbst erkennt. Das ist es, was ich auf meinem Weg gefunden habe, indem ich mich jeden Tag verpflichtet habe, die Klarheit des Lebens zu ehren.<\/p>\n\n\n\n<p>Ich wurde in Mexiko geboren, als Reisender durch die Zeit; Mein menschliches Erbe hat mich dazu gef\u00fchrt, verschiedene heilige Orte meines Landes und S\u00fcdamerikas kennenzulernen, zu bereisen und zu erkunden. Dazu geh\u00f6ren H\u00f6hlen, Berge, W\u00e4lder, W\u00fcsten, Dschungel und nat\u00fcrliche Heiligt\u00fcmer, wo die Verbindung zwischen Kosmos und Erde ihre Erinnerungen speichert.&nbsp;<\/p>\n<\/div><\/div>\n\n\n\n<p>Als Forscher und Kommunikator verbreite ich die Stimme der Ahnenweisheit der indigenen V\u00f6lker der Erde und derjenigen, die uns aus dem weiten Universum besuchen, denn beide laden uns ein, zu reflektieren, zu vereinen und das sich erweiternde Bewusstsein weiterzuentwickeln.&nbsp;<\/p>\n\n\n\n<p>F\u00fcr unsere Menschheit gibt es noch gro\u00dfe Hoffnung, die kosmische Ordnung wiederherzustellen und zu begleiten, wenn wir als Kollektiv verantwortungsbewusst, mitf\u00fchlend und liebevoll sind.<\/p>\n\n\n\n<h3 class=\"wp-block-heading\"><strong>Jonas Allgaier<\/strong><\/h3>\n\n\n\n<p>Feuerh\u00fcter<\/p>\n\n\n\n<div class=\"wp-block-media-text is-stacked-on-mobile\"><figure class=\"wp-block-media-text__media\"><img loading=\"lazy\" decoding=\"async\" width=\"534\" height=\"1024\" src=\"https:\/\/akhamani.org\/wp-content\/uploads\/2026\/01\/fire-keeper-534x1024.jpg\" alt=\"Jonas Allgaier\" class=\"wp-image-4667 size-full\" srcset=\"https:\/\/akhamani.org\/wp-content\/uploads\/2026\/01\/fire-keeper-534x1024.jpg 534w, https:\/\/akhamani.org\/wp-content\/uploads\/2026\/01\/fire-keeper-157x300.jpg 157w, https:\/\/akhamani.org\/wp-content\/uploads\/2026\/01\/fire-keeper-768x1472.jpg 768w, https:\/\/akhamani.org\/wp-content\/uploads\/2026\/01\/fire-keeper-50x96.jpg 50w, https:\/\/akhamani.org\/wp-content\/uploads\/2026\/01\/fire-keeper-801x1536.jpg 801w, https:\/\/akhamani.org\/wp-content\/uploads\/2026\/01\/fire-keeper-6x12.jpg 6w, https:\/\/akhamani.org\/wp-content\/uploads\/2026\/01\/fire-keeper-350x671.jpg 350w, https:\/\/akhamani.org\/wp-content\/uploads\/2026\/01\/fire-keeper.jpg 1067w\" sizes=\"auto, (max-width: 534px) 100vw, 534px\" \/><\/figure><div class=\"wp-block-media-text__content\">\n<p>Ich bin in einem Dorf in S\u00fcddeutschland aufgewachsen, am Fu\u00dfe des Schwarzwalds und der Schw\u00e4bischen Alb, wo ich einen Gro\u00dfteil meiner Jugend inmitten der Natur verbracht habe. Berge, Gew\u00e4sser und W\u00e4lder waren schon immer ein wesentlicher Bestandteil meines Heimatgef\u00fchls. Mit zunehmendem Alter suchte ich nach einem tieferen Verst\u00e4ndnis unserer Verbundenheit mit der Natur. Meine Reise f\u00fchrte mich zu verschiedenen Bauernh\u00f6fen in Europa und Mexiko, wo ich meine Beziehung zu Pflanzen vertiefte, mein Verst\u00e4ndnis von Biomen erweiterte und versuchte, unseren Platz in der Welt besser zu verstehen.<\/p>\n\n\n\n<p>In dieser Zeit begann ich, mich auch mit dem Wissen unserer Vorfahren auseinanderzusetzen. Ich m\u00f6chte lernen, im Einklang mit der Natur zu leben, um meine Praktiken und meinen Alltag mit den Traditionen unserer Vorfahren zu verbinden. Momentan konzentriere ich mich auf die heiligen Praktiken des traditionellen H\u00fcten des Feuers. Mit diesem Bestreben besuche ich weltweit immer wieder Gemeinschaften unserer Vorfahren, beobachte und suche ihren Rat, um den wesentlichen Praktiken, die uns als Menschen verbinden, n\u00e4herzukommen.<\/p>\n<\/div><\/div>\n\n\n\n<h2 class=\"wp-block-heading\">M\u00fcndliche \u00dcberlieferung<\/h2>\n\n\n\n<p>Mit wachsendem Bewusstsein und Wissen \u00fcber die Traditionen und Kulturen unserer Vorfahren muss auch unser Respekt vor ihnen wachsen. Dies war in vielen indigenen Gemeinschaften nicht immer der Fall. Immer wieder gibt es Menschen, die sich als Heiler, \u00c4lteste oder Medizinm\u00e4nner ausgeben, ohne diesen Titel verdient zu haben, und die Lehren und Heilmittel missbr\u00e4uchlich anwenden. Es ist wichtig, dass sich jeder, insbesondere junge Menschen, dessen bewusst ist und Vorsicht walten l\u00e4sst, wenn er Heilung, Lehren oder Rat sucht. Es empfiehlt sich, vertrauensw\u00fcrdige Personen zu konsultieren, um Empfehlungen f\u00fcr angesehene und anerkannte traditionelle \u00c4lteste, Heiler oder Medizinm\u00e4nner zu erhalten.<\/p>\n\n\n\n<p>Besonderer Dank gilt den vielen \u00c4ltesten, die anonym bleiben m\u00f6chten und daher hier nicht namentlich genannt werden, sowie den hier erw\u00e4hnten \u00c4ltesten f\u00fcr ihre Weisheit, ihre F\u00fchrung und ihre Unterst\u00fctzung. Ohne ihre Erfahrung, ihre Weisheit, ihre Demut und ihre Unterst\u00fctzung w\u00e4ren wir nicht in die heiligen Wege des Ahnenpfades, in die Weisheit der Natur und der Sch\u00f6pfung sowie in den Pfad der Befreiung eingef\u00fchrt worden. Ihnen ist es zu verdanken, dass die Zeremonie des Neuen Feuers der Vereinigung der Ahnen stattfinden kann. M\u00f6ge sie der gesamten Sch\u00f6pfung zum Wohle gereichen.<\/p>\n\n\n\n<p><strong>Dave Courchene, Dr.<\/strong> (Elder &#8211; Nii Gaani Aki Innini &#8211; Leading Earth Man) &#8211; Anishnabe Nation, Eagle Clan.&nbsp; &nbsp;<\/p>\n\n\n\n<p><strong>Daniel, Crow Feather<\/strong> (Teacher, Guardian, Elder) &#8211; Mi\u2019kmaq, Northwestern Woodlands, Canada<\/p>\n\n\n\n<p><strong>Emilia R. Villegas<\/strong> (Guardian, Elder) &#8211; Women of Wisdom, Mexico<\/p>\n\n\n\n<p><strong>Emilio G. Carrillo<\/strong> &#8211; Ceremonial Medicine Man &amp; Artist, Wiix\u00e1ritari, M\u00e9xico<\/p>\n\n\n\n<p><strong>Hamawt\u2019a Runa<\/strong> &#8211; Andean Guardian, Peru<\/p>\n\n\n\n<p><strong>Javier Pe\u00f1a<\/strong> (Guardian) &#8211; Otom\u00ed Ceremonial Man, M\u00e9xico<\/p>\n\n\n\n<p><strong>John Gonzalez<\/strong> &#8211; Mexica Medicine Man, Mexico<\/p>\n\n\n\n<p><strong>Khenpo Ngyma<\/strong> (Teacher) &#8211; Buddhist Lama, Nepal<\/p>\n\n\n\n<p><strong>Khenpo Tsultrim, T.<\/strong> (Elder) &#8211; Buddhist Rinpoche, Tibet<\/p>\n\n\n\n<p><strong>Shagdarsuren, Baynjargal<\/strong> (Guardian, Elder) &#8211;&nbsp; Buddhist High Lama, Mongolia<\/p>\n\n\n\n<p><strong>Tha Wiyaka Wakan<\/strong> (Guardian, Elder) &#8211; Din\u00e9 Medicine Man, Keeper of Stories, Ceremonial Man, Song Medicine, North America<\/p>\n\n\n\n<p><strong>Wanbli Watakpe<\/strong> (Elder) &#8211; Lakota Ceremonial Man, North America<\/p>\n\n\n\n<hr class=\"wp-block-separator has-alpha-channel-opacity is-style-wide\"\/>\n\n\n\n<h1 class=\"wp-block-heading\"><strong>Programmdetails<\/strong><\/h1>\n\n\n\n<h4 class=\"wp-block-heading\"><strong>Ort der Veranstaltung<\/strong><\/h4>\n\n\n\n<p>In den Alpen, bei Z\u00fcrich, Schweiz.<\/p>\n\n\n\n<h4 class=\"wp-block-heading\"><strong>Unterkunft (nicht inbegriffen)<\/strong><\/h4>\n\n\n\n<p>Berggasthaus Hand \u2013 Ibergereggstrasse 35, 6432 Rickenbach, Schweiz<\/p>\n\n\n\n<p>Panoramablick \u2013 Lauenen 1, 6432 Schwyz, Schweiz<\/p>\n\n\n\n<p>Berghaus TV Oerlikon \u2013 Lauenen 9, 6432 Rickenbach, Schweiz<\/p>\n\n\n\n<p>Naturfreundehaus Schienbergh\u00fctte \u2013 Riedmatt 1, 6432 Rickenbach, Schweiz<\/p>\n\n\n\n<h4 class=\"wp-block-heading\"><strong>Restaurants (nicht inbegriffen)<\/strong><\/h4>\n\n\n\n<p>Berggasthaus Hand \u2013 Ibergereggstrasse 35, 6432 Rickenbach, Schweiz<\/p>\n\n\n\n<p>Restaurant B\u00e4senbeiz \u2013 Huserenberg 2, 6432 Rickenbach, Schweiz<\/p>\n\n\n\n<p>Restaurant Passh\u00f6he \u2013 Ibergeregg 1, 8843 Oberiberg, Schweiz<\/p>\n\n\n\n<p><strong>Bitte beachtet, dass Verpflegung und Unterkunft nicht inbegriffen sind und selbst arrangiert werden m\u00fcssen. Tee, Wasser und Kaffee werden vor Ort verf\u00fcgbar sein.<\/strong><\/p>\n\n\n\n<h4 class=\"wp-block-heading\">Veranstaltungsstruktur<\/h4>\n\n\n\n<h5 class=\"wp-block-heading\">Tag 1 \u2013 18. Juni \u2013 Ankunft und Einf\u00fchrung<\/h5>\n\n\n\n<ul class=\"wp-block-list\">\n<li>Begr\u00fc\u00dfung<\/li>\n\n\n\n<li>Mittagspause &#8211; in einem Restaurant deiner Wahl<\/li>\n\n\n\n<li>Einf\u00fchrung aller Teilnehmer; woher sie kommen, welcher Linie und Tradition sie angeh\u00f6ren<\/li>\n\n\n\n<li>Vorstellung der Absicht des Feuers, des Prozesses seiner Entstehung und Entfaltung bis jetzt, der Lektionen, die aus der Reise gesammelt wurden<\/li>\n\n\n\n<li>Abendessen &#8211; in einem Restaurant deiner Wahl<\/li>\n\n\n\n<li>\u00dcbernachtung &#8211; an einem Ort Deiner Wahl<\/li>\n<\/ul>\n\n\n\n<h5 class=\"wp-block-heading\">Tag 2 \u2013 19. Juni \u2013 Lehren und Austausch<\/h5>\n\n\n\n<ul class=\"wp-block-list\">\n<li>Fr\u00fchst\u00fcck &#8211; in einem Restaurant deiner Wahl<\/li>\n\n\n\n<li>Lehren \u00fcber die Traditionen der ahnenden Feuerzeremonien von \u00c4ltesten aus verschiedenen Linien und Regionen der Welt<\/li>\n\n\n\n<li>Mittagspause &#8211; in einem Restaurant deiner Wahl<\/li>\n\n\n\n<li>Fortsetzung der Lehren<\/li>\n\n\n\n<li>Abendessen &#8211; in einem Restaurant deiner Wahl<\/li>\n\n\n\n<li>\u00dcbernachtung &#8211; an einem Ort Deiner Wahl<\/li>\n<\/ul>\n\n\n\n<h5 class=\"wp-block-heading\">Tag 3 \u2013 20. Juni \u2013 Entz\u00fcndung des einigenden Neuen Ahnenfeuers<\/h5>\n\n\n\n<ul class=\"wp-block-list\">\n<li>Fr\u00fchst\u00fcck &#8211; in einem Restaurant deiner Wahl<\/li>\n\n\n\n<li>Bergr\u00e4ucheropfer<\/li>\n\n\n\n<li>Khamlu tibetisches Singen von Gazom Lhamo<\/li>\n\n\n\n<li>Mittagspause &#8211; in einem Restaurant deiner Wahl<\/li>\n\n\n\n<li>Aufbau des Feuers<\/li>\n\n\n\n<li>Abendessen &#8211; in einem Restaurant deiner Wahl<\/li>\n\n\n\n<li>Vor Sonnenuntergang, Entz\u00fcndung des ganzn\u00e4chtlichen Feuers<\/li>\n\n\n\n<li>Erl\u00f6schen des Feuers bei Sonnenaufgang<\/li>\n<\/ul>\n\n\n\n<h5 class=\"wp-block-heading\">Tag 4 \u2013 21. Juni \u2013 Kontemplation und Integration<\/h5>\n\n\n\n<ul class=\"wp-block-list\">\n<li>Fr\u00fchst\u00fcck &#8211; in einem Restaurant deiner Wahl<\/li>\n\n\n\n<li>Ausruhen nach der Nachtzeremonie<\/li>\n\n\n\n<li>Mittagspause &#8211; in einem Restaurant deiner Wahl<\/li>\n\n\n\n<li>Austausch \u00fcber Feuer<\/li>\n\n\n\n<li>Abendessen &#8211; in einem Restaurant deiner Wahl<\/li>\n\n\n\n<li><strong>Ende der Veranstaltung<\/strong><\/li>\n<\/ul>\n\n\n\n<h2 class=\"wp-block-heading\"><strong>Spenden<\/strong><\/h2>\n\n\n\n<p>Sie k\u00f6nnen die Veranstaltung direkt unterst\u00fctzen, indem Sie unten an Akhamani spenden. Ihr Beitrag hilft, das Neue Feuer zu entfachen und kommt den teilnehmenden Weisheitsh\u00fctern zugute.<\/p>\n\n\n\n<p>Spenden sind <strong>in allen europ\u00e4ischen L\u00e4ndern, den USA und anderen Teilen der Welt steuerlich absetzbar.<\/strong><\/p>\n\n\n\n<p>Bitte geben Sie unten den Betrag Ihrer Spende ein. Wir danken Ihnen herzlich f\u00fcr Ihre Unterst\u00fctzung!<\/p>\n\n\n<style>.wdgk_donation_content a.button.wdgk_add_donation { background-color: #c9952a !important; } .wdgk_donation_content a.button.wdgk_add_donation { color: #FFFFFF !important; }<\/style><div class=\"wdgk_donation_content\">\r\n            <h3>Dons<\/h3>\r\n        \r\n    <div class=\"wdgk_display_option\"> \r\n        <span>\u20ac<\/span>\r\n        <input type=\"text\" name=\"donation-price\" class=\"wdgk_donation\" placeholder=\"Ex. 100\" value=\"\" >\r\n    <\/div>\r\n\r\n    \r\n    <textarea id=\"w3mission\" rows=\"3\" cols=\"20\" placeholder=\"Note\" name=\"donation_note\" class=\"donation_note\"><\/textarea>    <a href=\"javascript:void(0)\" class=\"button wdgk_add_donation\" data-single-dp=\"false\" data-product-id=\"357\" data-product-url=\"https:\/\/akhamani.org\/fr\/cart\/\">\r\n        Faire un Don    <\/a>\r\n    <input type=\"hidden\" name=\"wdgk_product_id\" value=\"\" class=\"wdgk_product_id\">\r\n    <input type=\"hidden\" name=\"wdgk_ajax_url\" value=\"https:\/\/akhamani.org\/wp-admin\/admin-ajax.php\" class=\"wdgk_ajax_url\">\r\n    <img decoding=\"async\" src=\"https:\/\/akhamani.org\/wp-content\/plugins\/woo-donations\/assets\/images\/ajax-loader.gif\" alt=\"wdgk loader image\" class=\"wdgk_loader wdgk_loader_img\">\r\n    <div class=\"wdgk_error_front\"><\/div>\r\n<\/div>\r\n\n\n\n<div style=\"height:29px\" aria-hidden=\"true\" class=\"wp-block-spacer\"><\/div>\n\n\n\n<p>Pour savoir plus sur ce que nous faisons avec votre aide, visitez <a href=\"https:\/\/akhamani.org\/fr\/events\/\">\u00c9v\u00e9nements<\/a> et la <a href=\"https:\/\/akhamani.org\/fr\/projects\/\">Projets<\/a> pages.<\/p>\n\n\n\n<p><\/p>","protected":false},"excerpt":{"rendered":"<p>Entz\u00fcndung eines einigenden neuen Ahnenfeuers in Europa Das Leben ist wie eine Leinwand, auf der wir das Bild unserer Menschlichkeit malen. Jeder von uns geht zwar seinen eigenen Weg, doch es gibt viele universelle F\u00e4den, die uns alle verbinden. Viele von uns waren einmal Elternteil, Kind, Geschwister, Freund, Ratgeber oder Partner \u2013 Erfahrungen, die zwar &hellip; <\/p>\n<p class=\"link-more\"><a href=\"https:\/\/akhamani.org\/fr\/produit\/einigendes-neues-ahnenfeuer-europa-event\/\" class=\"more-link\">Continuer la lecture<span class=\"screen-reader-text\"> de &laquo;&nbsp;Entz\u00fcndung eines Einigenden Neuen Ahnenfeuers in Europa \u2014 Reservierungsanfrage&nbsp;&raquo;<\/span><\/a><\/p>","protected":false},"author":4,"featured_media":0,"parent":0,"menu_order":0,"comment_status":"closed","ping_status":"closed","template":"","meta":{"_acf_changed":false,"pmpro_default_level":"","slim_seo":{"title":"Entz\u00fcndung eines Einigenden Neuen Ahnenfeuers in Europa \u2014 Reservierungsanfrage - Akhamani","description":"Sei diesen Sommer zur Sommersonnenwende 2026 mit dabei, um in Europa ein neues, vereinigendes Ahnenfeuer zu entz\u00fcnden und Teil eines Ereignisses zu werden, das"},"footnotes":""},"class_list":["post-4581","page","type-page","status-publish","hentry","pmpro-has-access"],"acf":[],"_links":{"self":[{"href":"https:\/\/akhamani.org\/fr\/wp-json\/wp\/v2\/pages\/4581","targetHints":{"allow":["GET"]}}],"collection":[{"href":"https:\/\/akhamani.org\/fr\/wp-json\/wp\/v2\/pages"}],"about":[{"href":"https:\/\/akhamani.org\/fr\/wp-json\/wp\/v2\/types\/page"}],"author":[{"embeddable":true,"href":"https:\/\/akhamani.org\/fr\/wp-json\/wp\/v2\/users\/4"}],"replies":[{"embeddable":true,"href":"https:\/\/akhamani.org\/fr\/wp-json\/wp\/v2\/comments?post=4581"}],"version-history":[{"count":41,"href":"https:\/\/akhamani.org\/fr\/wp-json\/wp\/v2\/pages\/4581\/revisions"}],"predecessor-version":[{"id":5384,"href":"https:\/\/akhamani.org\/fr\/wp-json\/wp\/v2\/pages\/4581\/revisions\/5384"}],"wp:attachment":[{"href":"https:\/\/akhamani.org\/fr\/wp-json\/wp\/v2\/media?parent=4581"}],"curies":[{"name":"wp","href":"https:\/\/api.w.org\/{rel}","templated":true}]}}