{"id":4553,"date":"2025-12-29T22:18:08","date_gmt":"2025-12-29T21:18:08","guid":{"rendered":"https:\/\/akhamani.org\/?page_id=4553"},"modified":"2026-04-30T00:56:06","modified_gmt":"2026-04-29T22:56:06","slug":"fuego-nuevo-ancestral-europa","status":"publish","type":"page","link":"https:\/\/akhamani.org\/fr\/fuego-nuevo-ancestral-europa\/","title":{"rendered":"Encendido del Fuego Nuevo Ancestral Unificador en Europa"},"content":{"rendered":"<figure class=\"wp-block-image size-large\"><img loading=\"lazy\" decoding=\"async\" width=\"400\" height=\"98\" src=\"https:\/\/akhamani.org\/wp-content\/uploads\/2020\/09\/AKH_Akhamani_Logo_Horizontal_F_2Color-e1601557524479.png\" alt=\"Akhamani\" class=\"wp-image-759\"\/><\/figure>\n\n\n\n<h1 class=\"wp-block-heading\">Encendido del Fuego Nuevo Ancestral Unificador en Europa<\/h1>\n\n\n\n<nav class=\"breadcrumbs\" aria-label=\"Fil d&#039;Ariane\"><a href=\"https:\/\/akhamani.org\/fr\/\" class=\"breadcrumb breadcrumb--first\">Accueil<\/a> <span class='breadcrumbs__separator' aria-hidden='true'>\u00bb<\/span> <span class=\"breadcrumb breadcrumb--last\" aria-current=\"page\"><\/span><\/nav>\n\n\n\n<p>La vida es un lienzo en el que pintamos el retrato de nuestra humanidad. Si bien cada uno sigue un camino \u00fanico, existen muchos hilos universales que nos unen.<\/p>\n\n\n\n<p>Muchos hemos sido padres, hijos, hermanos, amigos, gu\u00edas o pareja en alg\u00fan momento; experiencias que, si bien son profundamente personales, son compartidas por casi todos.<\/p>\n\n\n\n<p>A simple vista, podr\u00eda parecer que estamos en mundos distintos, definidos por fronteras, idiomas, religiones y puntos de vista opuestos. Sin embargo, si miramos m\u00e1s a fondo, m\u00e1s all\u00e1 de estas capas superficiales, descubrimos que nuestros deseos, sue\u00f1os e incluso miedos m\u00e1s profundos son sorprendentemente similares. Son los anhelos universales que nos unen; el punto com\u00fan sobre el que todos podemos asentarnos, independientemente de nuestras creencias o de los diversos caminos que sigamos.<\/p>\n\n\n\n<p>Es en este vasto y colorido tapiz de la vida, m\u00e1s all\u00e1 de culturas, or\u00edgenes, filosof\u00edas y perspectivas, donde encontramos un hilo conductor que teje la trama de nuestra experiencia humana: amamos y deseamos ser amados. Luchamos, sufrimos, so\u00f1amos, deseamos ser felices y queremos pertenecer.&nbsp;<\/p>\n\n\n\n<p>Es este v\u00ednculo com\u00fan, el que nos une en nuestra vulnerabilidad, deseos y aspiraciones.<\/p>\n\n\n\n<p>Este n\u00facleo universal no es un descubrimiento nuevo; es tan antiguo como la humanidad misma.<\/p>\n\n\n\n<p>El Nuevo Fuego Unificador es un llamado a la coexistencia; es una invitaci\u00f3n a profundizar en nuestra humanidad compartida.<\/p>\n\n\n\n<p>Es un reconocimiento de que nuestra humanidad compartida conlleva la responsabilidad colectiva de cultivar la comprensi\u00f3n, la compasi\u00f3n, la bondad amorosa, la sabidur\u00eda y la unidad.<\/p>\n\n\n\n<p>Es una invitaci\u00f3n a la curiosidad, a explorar las similitudes y a aceptar las necesidades comunes; a contribuir a la creaci\u00f3n de un mundo donde nuestras diferencias se conviertan en hilos del vibrante tapiz de nuestra humanidad compartida. Tejiendo una narrativa de conexi\u00f3n, empat\u00eda y un viaje colectivo hacia un futuro de paz.<\/p>\n\n\n\n<p>El Nuevo Fuego Unificador en Europa es un testimonio de la extraordinaria fuerza del esp\u00edritu humano que reside en cada uno de nosotros. Es la fuente de la resiliencia, la valent\u00eda y la voluntad indomable de superar la adversidad.<\/p>\n\n\n\n<p>Es el esp\u00edritu que abarca los aspectos intangibles de nuestro ser, incluyendo nuestras emociones, pensamientos, creencias y aspiraciones. Es el motor de nuestras acciones y la fuente de nuestra fuerza interior. Es el faro que nos gu\u00eda en los momentos m\u00e1s oscuros.<\/p>\n\n\n\n<p>Encender el Fuego Nuevo Unificador en Europa es un llamado a encender un fuego interior que se resiste a extinguirse; que es inherentemente compasivo y nos permite conectar con nosotros mismos y con los dem\u00e1s, m\u00e1s all\u00e1 de la ignorancia.<\/p>\n\n\n\n<p>Es un recordatorio para crear un mundo armonioso.<\/p>\n\n\n\n<p>\u201cNo preguntes qu\u00e9 necesita el mundo. Preg\u00fantate qu\u00e9 te hace sentir vivo y hazlo. Porque lo que el mundo necesita es gente que haya cobrado vida.\u201d ~ Howard Thurman<\/p>\n\n\n\n<p>El Fuego Nuevo Unificador en Europa es un llamado a la vida.<\/p>\n\n\n\n<p>Desde los pergaminos hasta las imprentas, desde los telescopios hasta los cohetes, la humanidad se expandi\u00f3 m\u00e1s all\u00e1 de sus l\u00edmites. Dividi\u00f3 el \u00e1tomo, decodific\u00f3 el gen, pis\u00f3 la luna y cartografi\u00f3 la red invisible del cosmos. Sin embargo, a pesar de todos sus triunfos, sigue siendo fr\u00e1gil: la guerra persiste, el hambre persiste y la tierra gime bajo el peso de la ambici\u00f3n humana.<\/p>\n\n\n\n<p>Sin embargo, incluso en las horas m\u00e1s oscuras, perdura una silenciosa rebeld\u00eda: la creencia de que el ma\u00f1ana puede ser m\u00e1s brillante. Esta chispa est\u00e1 presente en los barrios marginales donde los ni\u00f1os aprenden a leer a la luz de las velas, en los laboratorios donde los cient\u00edficos trabajan para curar lo incurable, en los bosques donde los protectores resguardan los \u00faltimos \u00e1rboles antiguos: la llama contin\u00faa.<\/p>\n\n\n\n<p>Vive en quienes perdonan tras un gran dolor, quienes plantan \u00e1rboles sabiendo que nunca se sentar\u00e1n a su sombra, quienes construyen puentes en lugar de muros. Est\u00e1 en el pincel del artista, en la devoci\u00f3n del maestro, en el llanto del activista, en la canci\u00f3n de cuna de la madre.<\/p>\n\n\n\n<p>El fuego en la humanidad no es una l\u00ednea recta. Se apaga, se olvida y vuelve a aprender. Pero en cada generaci\u00f3n, hay quienes llevan adelante el fuego: no de destrucci\u00f3n, sino de creaci\u00f3n, transformaci\u00f3n&nbsp; y compasi\u00f3n.<\/p>\n\n\n\n<p>Arde en ti, en m\u00ed, en toda la humanidad. Somos los nuevos portadores de este fuego ancestral que a\u00fan se enciende con cada acto de bondad, cada acto de respeto, cada coraz\u00f3n abierto, cada mano tendida, cada injusticia desafiada, cada l\u00edmite cruzado no con conquista, sino con valent\u00eda.<\/p>\n\n\n\n<p>El Fuego Nuevo Unificador en Europa es la llama del devenir. Es la universalidad de la gracia de la humanidad, que no est\u00e1 limitada por la nacionalidad, el color ni la religi\u00f3n. Es el idioma sin fronteras y el v\u00ednculo que nos une como seres humanos y celebra la sabidur\u00eda y la belleza de nuestras diferencias.<\/p>\n\n\n\n<p><strong>Este evento es gratuito para quienes deseen asistir.<\/strong><\/p>\n\n\n\n<p><strong><strong>Lenguaje<\/strong>: <\/strong>Ingles<br><strong>Cuando:&nbsp;<\/strong>junio 18 \u2013 21 de junio<br><strong>Duraci\u00f3n:<\/strong> 4 d\u00edas<br><strong><strong>Donde<\/strong>: <\/strong>Los alpes, Cerca de Zurich, Suiza<\/p>\n\n\n\n<p><mark style=\"background-color:rgba(0, 0, 0, 0);color:#9b2f7c\" class=\"has-inline-color\">Comida, snacks, bebidas y alojamiento no est\u00e1n incluidos.<\/mark><br>Planifica tus snacks y bebidas durante los descansos.<\/p>\n\n\n\n<div data-block-name=\"woocommerce\/single-product\" data-product-id=\"4572\" data-wp-context=\"{&quot;productId&quot;:4572,&quot;variationId&quot;:null}\" data-wp-interactive=\"woocommerce\/single-product\" class=\"wp-block-woocommerce-single-product woocommerce\">\n<div class=\"wp-block-columns is-layout-flex wp-container-core-columns-is-layout-9d6595d7 wp-block-columns-is-layout-flex\">\n<div class=\"wp-block-column is-layout-flow wp-block-column-is-layout-flow\"><div data-block-name=\"woocommerce\/product-image\" data-is-descendent-of-single-product-block=\"true\" data-show-sale-badge=\"false\" class=\"wc-block-components-product-image wc-block-grid__product-image wc-block-components-product-image--aspect-ratio-auto wp-block-woocommerce-product-image\"><a href=\"https:\/\/akhamani.org\/fr\/produit\/fuego-nuevo-ancestral-europa-event\/\" style=\"\" data-wp-on--click=\"woocommerce\/product-collection::actions.viewProduct\"><img decoding=\"async\" width=\"350\" height=\"495\" src=\"https:\/\/akhamani.org\/wp-content\/uploads\/2025\/12\/ES-fuego-nuevo-ancestral-unificador-en-europa-2-350x495.jpg\" class=\"attachment-woocommerce_single size-woocommerce_single\" alt=\"ES fuego nuevo ancestral unificador en europa\" data-testid=\"product-image\" data-image-id=\"5193\" style=\"object-fit:cover;\" loading=\"lazy\" srcset=\"https:\/\/akhamani.org\/wp-content\/uploads\/2025\/12\/ES-fuego-nuevo-ancestral-unificador-en-europa-2-350x495.jpg 350w, https:\/\/akhamani.org\/wp-content\/uploads\/2025\/12\/ES-fuego-nuevo-ancestral-unificador-en-europa-2-212x300.jpg 212w, https:\/\/akhamani.org\/wp-content\/uploads\/2025\/12\/ES-fuego-nuevo-ancestral-unificador-en-europa-2-724x1024.jpg 724w, https:\/\/akhamani.org\/wp-content\/uploads\/2025\/12\/ES-fuego-nuevo-ancestral-unificador-en-europa-2-768x1086.jpg 768w, https:\/\/akhamani.org\/wp-content\/uploads\/2025\/12\/ES-fuego-nuevo-ancestral-unificador-en-europa-2-50x71.jpg 50w, https:\/\/akhamani.org\/wp-content\/uploads\/2025\/12\/ES-fuego-nuevo-ancestral-unificador-en-europa-2-1086x1536.jpg 1086w, https:\/\/akhamani.org\/wp-content\/uploads\/2025\/12\/ES-fuego-nuevo-ancestral-unificador-en-europa-2-8x12.jpg 8w, https:\/\/akhamani.org\/wp-content\/uploads\/2025\/12\/ES-fuego-nuevo-ancestral-unificador-en-europa-2.jpg 1414w\" sizes=\"auto, 100vw\" \/><div class=\"wc-block-components-product-image__inner-container\">\n\n<\/div><\/a><\/div><\/div>\n\n\n\n<div class=\"wp-block-column is-vertically-aligned-center is-layout-flow wp-block-column-is-layout-flow\"><h2 class=\"wp-block-post-title\"><a href=\"https:\/\/akhamani.org\/fr\/produit\/fuego-nuevo-ancestral-europa-event\/\" target=\"_self\" >Encendido del Fuego Nuevo Ancestral Unificador en Europa \u2014 Solicitud de reserva<\/a><\/h2>\n\n<div data-block-name=\"woocommerce\/add-to-cart-form\" class=\"wp-block-add-to-cart-form wc-block-add-to-cart-form wc-block-add-to-cart-form--input wp-block-woocommerce-add-to-cart-form\" >\n\t\n\t<form class=\"cart\" action=\"https:\/\/akhamani.org\/fr\/produit\/fuego-nuevo-ancestral-europa-event\/\" method=\"post\" enctype='multipart\/form-data' data-trp-original-action=\"https:\/\/akhamani.org\/fr\/produit\/fuego-nuevo-ancestral-europa-event\/\">\n\t\t\n\t\t<div class=\"quantity\">\n\t\t<label class=\"screen-reader-text\" for=\"quantity_69f2f07ad3609\" data-no-translation=\"\" data-trp-gettext=\"\">quantit\u00e9 de Encendido del Fuego Nuevo Ancestral Unificador en Europa \u2014 Solicitud de reserva<\/label>\n\t<input\n\t\ttype=\"number\"\n\t\t\t\tid=\"quantity_69f2f07ad3609\"\n\t\tclass=\"input-text qty text\"\n\t\tname=\"quantity\"\n\t\tvalue=\"1\"\n\t\taria-label=\"Quantit\u00e9 de produits\"\n\t\t\t\tmin=\"1\"\n\t\t\t\t\t\t\tstep=\"1\"\n\t\t\tplaceholder=\"\"\n\t\t\tinputmode=\"numeric\"\n\t\t\tautocomplete=\"off\" data-no-translation-aria-label=\"\"\n\t\t\t\/>\n\t<\/div>\n\n\t\t<button type=\"submit\" name=\"add-to-cart\" value=\"4572\" class=\"single_add_to_cart_button button alt\">Request a Spot<\/button>\n\n\t\t\t<input type=\"hidden\" name=\"trp-form-language\" value=\"fr\"\/><\/form>\n\n\t\n<\/div>\n\n\n<div style=\"height:30px\" aria-hidden=\"true\" class=\"wp-block-spacer\"><\/div>\n\n\n\n<div data-block-name=\"woocommerce\/product-meta\" class=\"wp-block-woocommerce-product-meta\">\n<div class=\"wp-block-group is-nowrap is-layout-flex wp-container-core-group-is-layout-ad2f72ca wp-block-group-is-layout-flex\"><div class=\"taxonomy-product_cat wp-block-post-terms\"><span class=\"wp-block-post-terms__prefix\">Category: <\/span><a href=\"https:\/\/akhamani.org\/fr\/categorie-produit\/akhamani-events-translation\/\" rel=\"tag\">Akhamani Events Translation<\/a><\/div><\/div>\n<\/div>\n<\/div>\n<\/div>\n<\/div>\n\n\n\n<p><\/p>\n\n\n\n<hr class=\"wp-block-separator has-alpha-channel-opacity is-style-wide\"\/>\n\n\n\n<p><\/p>\n\n\n\n<p>Cuando nos reunimos alrededor del fuego, a veces las personas hacen una pregunta importante: \u00bfPor qu\u00e9 en el coraz\u00f3n de una reuni\u00f3n o ritual, el Fuego est\u00e1 involucrado? \u00bfPor qu\u00e9 el Fuego? \u00bfPor qu\u00e9 nuestra atenci\u00f3n al Fuego Ahora?<\/p>\n\n\n\n<p>La historia del fuego es tan antigua como nosotros, los seres humanos. Es as\u00ed que escuchamos ecos de la misma, en narrativas sagradas de muchas tradiciones espirituales de todo el mundo.<\/p>\n\n\n\n<p>Hab\u00eda una vez un mundo natural y misterioso que exist\u00eda antes de la llegada de la humanidad. Durante este tiempo, \u00e9ramos parte de la naturaleza y nos mov\u00edamos en el mundo justo como otros animales. Pero no ten\u00edamos garras, colmillos ni alas. No corr\u00edamos a cuatro patas ni viv\u00edamos en el agua. No ten\u00edamos pelaje como los dem\u00e1s. Viv\u00edamos en una selva primitiva como un jard\u00edn del Ed\u00e9n; pero nos mov\u00edamos y vag\u00e1bamos por la tierra sin refugio.&nbsp;<\/p>\n\n\n\n<p>Entonces, ocurri\u00f3 algo que cambi\u00f3 nuestra forma de vida para siempre. El fuego lleg\u00f3 a nuestras vidas y desarrollamos una relaci\u00f3n especial con \u00e9l. A trav\u00e9s del regalo del fuego, ahora tenemos luz en la oscuridad y calor en el fr\u00edo. La forma en qu\u00e9 com\u00edamos, cambi\u00f3 a medida que comenzamos a cocinar nuestros alimentos. Asombrosamente, esta presencia era mucho m\u00e1s que utilitaria.&nbsp;<\/p>\n\n\n\n<p>Comenzamos a reunirnos en c\u00edrculo y descubrimos que ten\u00edamos la capacidad de ver el mundo de una manera diferente a la del resto de la creaci\u00f3n. En lugar de vivir en el flujo inmediato del mundo como el resto de la creaci\u00f3n, pudimos parar nuestro dialogo mental y reflexionar.<\/p>\n\n\n\n<p>Por primera vez, pudimos pensar en c\u00f3mo recolectar alimentos o construir refugios. Pod\u00edamos planificar y coordinar nuestras acciones. Pod\u00edamos pensar en c\u00f3mo hacer las cosas de manera diferente o mejor. Esta &#8220;mente&#8221; con la que nos encontramos se volvi\u00f3 infinitamente creativa como una herramienta que pod\u00eda aplicarse a muchas situaciones pr\u00e1cticas. Construimos muchos tipos de refugios. Fabricamos ropa abrigadora, cazamos con herramientas, cultivamos cosechas y nos organizamos de maneras fruct\u00edferas; no solo permiti\u00e9ndonos sobrevivir, sino prosperar a trav\u00e9s de m\u00e9todos que los dem\u00e1s animales no ten\u00edan. Sin embargo, este regalo de la mente (nuestra capacidad de reflexionar y de observar) cambiar\u00eda nuestro mundo para siempre.&nbsp;<\/p>\n\n\n\n<p>Este regalo produjo una separaci\u00f3n de la misteriosa creaci\u00f3n viva del mundo, dej\u00e1ndonos sentir separados de los dem\u00e1s y con el potencial de sentirnos desconectados del sentido de qui\u00e9nes somos y de c\u00f3mo movernos en el mundo de manera equilibrada. Este regalo vino a un precio muy alto. La voz de la mente, a veces llamada ego, dejada a su propia agenda, produjo un sufrimiento y destrucci\u00f3n.&nbsp;<\/p>\n\n\n\n<p>Pero la esencia divina sab\u00eda que \u00edbamos a tener problemas y nos dio cinco ant\u00eddotos b\u00e1sicos para los inconvenientes de este regalo de la mente. Se nos dio:&nbsp;<\/p>\n\n\n\n<p><strong>Sabidur\u00eda<\/strong>: Para ayudarnos a vivir una buena vida, aunque tendr\u00eda que ser ganada, merecida y aprendida. La sabidur\u00eda iluminar\u00eda la ceguera natural y el ego\u00edsmo de la mente y nos mostrar\u00eda c\u00f3mo entender mejor la vida, el mundo, a los dem\u00e1s y a nosotros mismos.&nbsp;<\/p>\n\n\n\n<p><strong>Tradiciones<\/strong>: Las diversas formas en que las personas en comunidad sostienen la sabidur\u00eda, la preservan y la transmiten a futuras generaciones. Esto incluye c\u00f3mo trabajamos con la sabidur\u00eda, como un misterio de la vida siempre en desarrollo, que produce cambios.<\/p>\n\n\n\n<p><strong>Emociones Especializadas:<\/strong> Valor para superar el miedo natural en la mente. Gratitud para honrar lo que recibimos. Humor y risa para que la carga de nuestra separaci\u00f3n se aligere. Se nos dio un profundo dolor para ayudarnos a dejar ir la p\u00e9rdida.<\/p>\n\n\n\n<p><strong>Ceremonia:<\/strong> Para ayudarnos a trascender nuestro sentido de separaci\u00f3n y sentirnos m\u00e1s conectados al misterio del mundo, lo no perceptible por nuestra mente racional.<\/p>\n\n\n\n<p><strong>Mantener el Fuego:<\/strong> Una expresi\u00f3n del coraz\u00f3n, conexi\u00f3n y transformaci\u00f3n para mantenernos abiertos cuando las dudas y el miedo nublan nuestras mentes.<\/p>\n\n\n\n<p>Para algunos, tambi\u00e9n se regalaron plantas especiales para acompa\u00f1ar estos 5 ant\u00eddotos. Durante miles de a\u00f1os, en muchas tierras, las personas vivieron y se mantuvieron dedicadas a estos 5 regalos mientras nac\u00edan, viv\u00edan, compart\u00edan con los dem\u00e1s y pasaban de este mundo.<\/p>\n\n\n\n<p>Durante mucho tiempo, la mente nos dio grandes ventajas, pero se equilibr\u00f3 con sabidur\u00eda, tradici\u00f3n, ceremonia, emociones especiales y mantener el fuego para que la vida pudiera continuar de manera armoniosa. <\/p>\n\n\n\n<p>Sin embargo, con el tiempo, la voz de la mente se volvi\u00f3 cada vez m\u00e1s fuerte y llev\u00f3 al desequilibrio:<\/p>\n\n\n\n<p>La sabidur\u00eda fue puesta en duda y luego confundida con la informaci\u00f3n.<br>Las culturas dedicadas a vivir en sabidur\u00eda fueron invadidas, descuidadas y olvidadas.<br>Las emociones se volvieron malentendidas y controladas.<br>La ceremonia fue juzgada, no apreciada y olvidada.<\/p>\n\n\n\n<p>Mantener el Fuego se convirti\u00f3 en algo temido o relegado a un fin utilitario.<br>Incluso en este tiempo de gran prosperidad material y financiera, las personas se sintieron cada vez m\u00e1s desconectadas de s\u00ed mismas, de los dem\u00e1s y del mundo natural.&nbsp;La sensaci\u00f3n de prop\u00f3sito y significado del individuo y de la comunidad comenz\u00f3 a desvanecerse; mientras que la confusi\u00f3n, la desconfianza y un conocimiento falso tomaron su lugar.<\/p>\n\n\n\n<p>Estamos viviendo AHORA, en estos tiempos confusi\u00f3n y desequilibrio.<br>El esp\u00edritu del fuego, a menudo conocido como Abuelo Fuego, ha reaparecido una vez m\u00e1s para ayudarnos en este tiempo de dificultad y necesidad para ayudarnos a equilibrar la mente con la sabidur\u00eda del coraz\u00f3n.<\/p>\n\n\n\n<p>A partir de esta inspiraci\u00f3n y la gu\u00eda de muchos guardianes de sabidur\u00eda de todo el mundo, se form\u00f3 el Nuevo Fuego Ancestral Unificador, para apoyar la conexi\u00f3n de la humanidad con el coraz\u00f3n, la mente y el esp\u00edritu a trav\u00e9s del fuego a lo largo de las etapas y ciclos de la vida para las generaciones venideras. Nuestra aspiraci\u00f3n es sostener y cultivar un fuego unificador en Europa para una futura y mejor humanidad.<\/p>\n\n\n\n<h2 class=\"wp-block-heading\">El Viaje y sus Realizaciones<\/h2>\n\n\n\n<p>Despu\u00e9s de un a\u00f1o y medio de investigaci\u00f3n dedicada, contemplaci\u00f3n, introspecci\u00f3n, integraci\u00f3n de las ense\u00f1anzas recibidas de guardianes de sabidur\u00eda de todo el mundo y diversas peregrinaciones a sitios sagrados en Europa; naci\u00f3 el Nuevo Fuego Ancestral Unificador en Europa.<\/p>\n\n\n\n<p><strong>Nuestro viaje ha revelado que, m\u00e1s all\u00e1 de las diferencias culturales, el acto de encender fuegos sagrados y consientes, es un s\u00edmbolo universal de una humanidad compartida, a trav\u00e9s de la sabidur\u00eda, la compasi\u00f3n, la tradici\u00f3n y la unificaci\u00f3n.<\/strong><\/p>\n\n\n\n<p><strong>Universalmente, una ceremonia de fuego es un aspecto especial dentro de la experiencia humana, donde y cuando nos permitimos reconocer una transici\u00f3n de un estado de conciencia a otro a trav\u00e9s de la purificaci\u00f3n, la liberaci\u00f3n, la eliminaci\u00f3n de obst\u00e1culos y la transformaci\u00f3n.<\/strong><\/p>\n\n\n\n<p>En el solsticio de verano de 2026, encenderemos un Nuevo Fuego Ancestral Unificador en Europa, un evento que no ha ocurrido en muchos a\u00f1os, un momento sagrado marcado por la unificaci\u00f3n de cenizas antiguas de tradiciones veneradas de Am\u00e9rica del Norte, Am\u00e9rica del Sur, India, Nepal, T\u00edbet y Mongolia.<\/p>\n\n\n\n<p>A trav\u00e9s de este acto, reconocemos nuestros diversos patrimonios culturales, celebrando la esencia universal del fuego sagrado que nos unifica a todos.<\/p>\n\n\n\n<p>Agradecemos a todos los guardianes de sabidur\u00eda que se han reunido con nosotros para encender un nuevo cap\u00edtulo de recuerdo colectivo, sabidur\u00eda y sostenimiento.<\/p>\n\n\n\n<h1 class=\"wp-block-heading\">Descripci\u00f3n del evento<\/h1>\n\n\n\n<p>Expresamos nuestra profunda gratitud y reconocimiento a los muchos guardianes de sabidur\u00eda que han ofrecido su apoyo continuo al compartir con nosotros su sabidur\u00eda, orientaci\u00f3n y ense\u00f1anzas. Su experiencia, humildad y apoyo en el camino hacia esta ceremonia representan una parte vital en su desarrollo.<\/p>\n\n\n\n<p>Aunque no todos los guardianes de sabidur\u00eda, que nos vienen acompa\u00f1ando en este viaje, pudieron estar presentes f\u00edsicamente; todos est\u00e1n con nosotros en esp\u00edritu, a trav\u00e9s de las transmisiones orales que nos han confiado y a trav\u00e9s del acto de encender el Nuevo Fuego Ancestral Unificador en Europa.<\/p>\n\n\n\n<p>Agradecemos a todos ellos por unirse a nosotros y por su apoyo. Sin ellos, nada de esto ser\u00eda posible. Que este viaje beneficie a toda la creaci\u00f3n.<\/p>\n\n\n\n<p>A trav\u00e9s de este m\u00e9rito, que todos los seres alcancen el estado omnisciente de iluminaci\u00f3n y conquisten al enemigo de los defectos y la ilusi\u00f3n. \u00a1Que todos sean liberados de este oc\u00e9ano de Sa\u1e43s\u0101ra y de sus poderosas olas de nacimiento, vejez, enfermedad y muerte!<\/p>\n\n\n\n<p>Por todas nuestras relaciones.<\/p>\n\n\n\n<h2 class=\"wp-block-heading\">Embajadores de Akhamani apoyando al Evento<\/h2>\n\n\n\n<p>Con profunda gratitud y respeto, agradecemos a los Embajadores Akhamani que se unir\u00e1n a nosotros con su presencia, su sabidur\u00eda y sus ense\u00f1anzas en apoyo a la iluminaci\u00f3n del Nuevo Fuego Ancestral Unificador en Europa.<\/p>\n\n\n\n<p>Nuestra gratitud y respeto tambi\u00e9n se extienden al fallecido abuelo Jes\u00fas Fabi\u00e1n Ortiz de linaje olmeca, por su confianza en nosotros; por hacernos custodios de las cenizas del Fuego Nuevo de Chickaban, y por abrir la puerta a un viaje que dio origen a la iluminaci\u00f3n de este Nuevo Fuego Ancestral Unificador en Europa.<\/p>\n\n\n\n<h2 class=\"wp-block-heading\">Embajadores Akhamani cuales participan en el Evento<\/h2>\n\n\n\n<p>Asistiendo, en persona.<\/p>\n\n\n\n<h3 class=\"wp-block-heading\"><strong>Crizalia Le Blan<\/strong><\/h3>\n\n\n\n<p>Cofundador y presidente de Akhamani<\/p>\n\n\n\n<div class=\"wp-block-media-text is-stacked-on-mobile\"><figure class=\"wp-block-media-text__media\"><img loading=\"lazy\" decoding=\"async\" width=\"608\" height=\"1080\" src=\"https:\/\/akhamani.org\/wp-content\/uploads\/2020\/08\/crizalia_bell.jpeg\" alt=\"\" class=\"wp-image-144 size-full\" srcset=\"https:\/\/akhamani.org\/wp-content\/uploads\/2020\/08\/crizalia_bell.jpeg 608w, https:\/\/akhamani.org\/wp-content\/uploads\/2020\/08\/crizalia_bell-169x300.jpeg 169w, https:\/\/akhamani.org\/wp-content\/uploads\/2020\/08\/crizalia_bell-576x1024.jpeg 576w, https:\/\/akhamani.org\/wp-content\/uploads\/2020\/08\/crizalia_bell-350x622.jpeg 350w\" sizes=\"auto, (max-width: 608px) 100vw, 608px\" \/><\/figure><div class=\"wp-block-media-text__content\">\n<p>He viajado a diferentes lugares sagrados en el mundo, trabajando, asistiendo y aprendiendo de diversas pr\u00e1cticas ancestrales como el Budismo del T\u00edbet, Nepal, India y Europa; los hinduistas de India; los nativos americanos de Am\u00e9rica del Norte, los toltecas, Wixrarica de Nayarit y Otom\u00ed de M\u00e9xico, los Q\u2019ero de Per\u00fa, tribus africanas, chamanes de Mongolia, los mamos de Colombia, los maor\u00edes de Nueva Zelanda y practicantes ancestrales europeos.<\/p>\n\n\n\n<p>Aunque he aprendido de diferentes linajes de sabidur\u00eda ancestral, no tengo una denominaci\u00f3n espec\u00edfica. Simplemente intento considerar e integrar la sabidur\u00eda del mundo tal como la ense\u00f1an los ancianos ancestrales, y como se ha experimentado y aprendido a trav\u00e9s de las lecciones enriquecidas de mi vida.<\/p>\n<\/div><\/div>\n\n\n\n<p>Crear Akhamani es mi intento continuo de introducir la sabidur\u00eda ancestral como una herramienta consciente para las sociedades modernas. Mi esperanza es ayudar a promover la presencia consciente. Tambi\u00e9n es mi esfuerzo constante por brindar asistencia a las comunidades del mundo que son m\u00e1s vulnerables y que necesitan ayuda b\u00e1sica y educaci\u00f3n.<\/p>\n\n\n\n<h3 class=\"wp-block-heading\"><strong>Lovon Lama Shagdarsuren Baynjargal<\/strong><\/h3>\n\n\n\n<div class=\"wp-block-media-text is-stacked-on-mobile\"><figure class=\"wp-block-media-text__media\"><img loading=\"lazy\" decoding=\"async\" width=\"720\" height=\"960\" src=\"https:\/\/akhamani.org\/wp-content\/uploads\/2025\/12\/125260095_777031916488383_1759974055051791956_n.jpg\" alt=\"\" class=\"wp-image-4535 size-full\" srcset=\"https:\/\/akhamani.org\/wp-content\/uploads\/2025\/12\/125260095_777031916488383_1759974055051791956_n.jpg 720w, https:\/\/akhamani.org\/wp-content\/uploads\/2025\/12\/125260095_777031916488383_1759974055051791956_n-225x300.jpg 225w, https:\/\/akhamani.org\/wp-content\/uploads\/2025\/12\/125260095_777031916488383_1759974055051791956_n-50x67.jpg 50w, https:\/\/akhamani.org\/wp-content\/uploads\/2025\/12\/125260095_777031916488383_1759974055051791956_n-9x12.jpg 9w, https:\/\/akhamani.org\/wp-content\/uploads\/2025\/12\/125260095_777031916488383_1759974055051791956_n-350x467.jpg 350w\" sizes=\"auto, (max-width: 720px) 100vw, 720px\" \/><\/figure><div class=\"wp-block-media-text__content\">\n<p>Shagdarsuren Baynjargal ha estado sirviendo como el Lama Lovon del Monasterio Tuvkhun en Mongolia durante 23 a\u00f1os. En 1993, cuando lleg\u00f3 por primera vez al monasterio, los cimientos del viejo templo no eran m\u00e1s que una ruina. Durante 28 a\u00f1os, ha trabajado devotamente para restaurar este lugar sagrado.<\/p>\n<\/div><\/div>\n\n\n\n<h3 class=\"wp-block-heading\"><strong>Khenpo Tsultrim Tenzin Rinpoch\u00e9<\/strong><\/h3>\n\n\n\n<div class=\"wp-block-media-text is-stacked-on-mobile\"><figure class=\"wp-block-media-text__media\"><img loading=\"lazy\" decoding=\"async\" width=\"242\" height=\"300\" src=\"https:\/\/akhamani.org\/wp-content\/uploads\/2022\/05\/283772311_3235488790016781_4495457647646321938_n-242x300.jpg\" alt=\"Akhamani-ambassador\" class=\"wp-image-2547 size-full\" srcset=\"https:\/\/akhamani.org\/wp-content\/uploads\/2022\/05\/283772311_3235488790016781_4495457647646321938_n-242x300.jpg 242w, https:\/\/akhamani.org\/wp-content\/uploads\/2022\/05\/283772311_3235488790016781_4495457647646321938_n-828x1024.jpg 828w, https:\/\/akhamani.org\/wp-content\/uploads\/2022\/05\/283772311_3235488790016781_4495457647646321938_n-768x950.jpg 768w, https:\/\/akhamani.org\/wp-content\/uploads\/2022\/05\/283772311_3235488790016781_4495457647646321938_n-1600x1980.jpg 1600w, https:\/\/akhamani.org\/wp-content\/uploads\/2022\/05\/283772311_3235488790016781_4495457647646321938_n-1241x1536.jpg 1241w, https:\/\/akhamani.org\/wp-content\/uploads\/2022\/05\/283772311_3235488790016781_4495457647646321938_n-1655x2048.jpg 1655w, https:\/\/akhamani.org\/wp-content\/uploads\/2022\/05\/283772311_3235488790016781_4495457647646321938_n-10x12.jpg 10w, https:\/\/akhamani.org\/wp-content\/uploads\/2022\/05\/283772311_3235488790016781_4495457647646321938_n-350x433.jpg 350w\" sizes=\"auto, (max-width: 242px) 100vw, 242px\" \/><\/figure><div class=\"wp-block-media-text__content\">\n<p>Khenpo Tsultrim Tenzin tom\u00f3 sus votos de monje a la edad de 14 a\u00f1os. Estudi\u00f3 los Trece Textos Mayores con Khenchen Nawang Gyalpo Rinpoch\u00e9 y otros Khenpos. Tambi\u00e9n recibi\u00f3 todo el ciclo de empoderamientos de Lamdr\u00e9 de la l\u00ednea Ngor-Sakya de Khensur Khenchen Rinpoch\u00e9. Adicionalmente, recibi\u00f3 muchos empoderamientos y ense\u00f1anzas Nyingma de Lama Togden Rinpoch\u00e9 y Dilgo Khyentse Rinpoch\u00e9. M\u00e1s tarde, Khenpo Rinpoch\u00e9 se uni\u00f3 al Instituto Drikung Kagyu en Jangchub Ling en Dehra Dun, donde conoci\u00f3 a Su Santidad Drikung Kyabg\u00f6n Chetsang Rinpoch\u00e9. La devoci\u00f3n espont\u00e1nea que Khenpo sinti\u00f3 por Su Santidad llev\u00f3 a Su Santidad a permitirle unirse al monasterio y continuar su educaci\u00f3n all\u00ed.<\/p>\n<\/div><\/div>\n\n\n\n<p>Despu\u00e9s de haber completado ya los primeros cuatro a\u00f1os de sus estudios en otros monasterios, Khenpo Rinpoch\u00e9 complet\u00f3 r\u00e1pidamente su educaci\u00f3n en Jangchub Ling. Despu\u00e9s de tres a\u00f1os de ense\u00f1ar clases inferiores en el colegio mon\u00e1stico, fue entronizado por Su Santidad Drikung Kyabg\u00f6n Chetsang Rinpoch\u00e9 como &#8220;Khenpo&#8221; en 1998. Pas\u00f3 tres a\u00f1os m\u00e1s ense\u00f1ando filosof\u00eda budista en el Instituto. Entre su apretada agenda, primero como estudiante y luego como instructor, Khenpo Rinpoch\u00e9 complet\u00f3 el Ngondro, Chakrasamvara y otras pr\u00e1cticas mientras estaba en retiro. En abril de 2001, Khenpo Rinpoch\u00e9 lleg\u00f3 al TMC para ayudar a Khenchen Rinpoch\u00e9 y tambi\u00e9n para mejorar su dominio del idioma ingl\u00e9s para poder ser de m\u00e1s beneficio a la difusi\u00f3n del Dharma. Comenz\u00f3 a ense\u00f1ar en TMC en agosto de ese a\u00f1o y fue posteriormente nombrado como co-director espiritual del TMC por Khenchen Rinpoch\u00e9. Khenpo Rinpoch\u00e9 es conocido y querido por su estilo de ense\u00f1anza cautivador, as\u00ed como por su completa falta de pretensiones.<\/p>\n\n\n\n<p><strong>Khenpo Khenzur Nyima Wangyal Rinpoch\u00e9<\/strong><\/p>\n\n\n\n<div class=\"wp-block-media-text is-stacked-on-mobile\"><figure class=\"wp-block-media-text__media\"><img loading=\"lazy\" decoding=\"async\" width=\"300\" height=\"240\" src=\"https:\/\/akhamani.org\/wp-content\/uploads\/2020\/11\/Khenzur-Nyima-Wangyal-Rinpoche-300x240.png\" alt=\"akhamani-ancestral-wisdom-keeper\" class=\"wp-image-959 size-full\"\/><\/figure><div class=\"wp-block-media-text__content\">\n<p>Khenzur Nyima Wangyal Rinpoche es un maestro contempor\u00e1neo laico de Dzogchen, disc\u00edpulo de Su Eminencia Yongdzin Tenzin Namdak Rinpoche \u2014su maestro ra\u00edz\u2014 y de Su Santidad, el difunto 33\u00ba Menri Tridzin, Lungtok Tenpai Nyima Rinpoche. Erudito en Dzogchen B\u00f6n, vive con su familia en Francia, cerca de Par\u00eds, donde ha estado ense\u00f1ando desde 2015, ofreciendo una introducci\u00f3n a la visi\u00f3n de Dzogchen.<\/p>\n<\/div><\/div>\n\n\n\n<p>En 1995, Khenpo Nyima Wangyal decidi\u00f3 dejar el monasterio y sus reglas mon\u00e1sticas para vivir como un yogui tibetano en diferentes pa\u00edses; situaciones y circunstancias. Sent\u00eda, de acuerdo con su naturaleza, que esta ser\u00eda una buena manera de desarrollar su pr\u00e1ctica de Dzogchen.<\/p>\n\n\n\n<p>Comparte con las personas que buscan las instrucciones experienciales que apuntan a la realizaci\u00f3n del estado natural de la mente; la integraci\u00f3n de todos los fen\u00f3menos con la dimensi\u00f3n primordial, la continuidad de la pr\u00e1ctica, el desarrollo de la meditaci\u00f3n y la confianza durante el viaje meditativo. Enfatiza la importancia de la apertura, la lucidez, la experiencia genuina, el amplio compartir de los medios y los frutos de la pr\u00e1ctica.<\/p>\n\n\n\n<h3 class=\"wp-block-heading\"><strong>Gazom Lhamo<\/strong><\/h3>\n\n\n\n<div class=\"wp-block-media-text is-stacked-on-mobile\"><figure class=\"wp-block-media-text__media\"><img loading=\"lazy\" decoding=\"async\" width=\"240\" height=\"300\" src=\"https:\/\/akhamani.org\/wp-content\/uploads\/2021\/06\/193624079_936452497187705_6519835381973828494_n-240x300.jpg\" alt=\"Gazom Lhamo\" class=\"wp-image-1672 size-full\" srcset=\"https:\/\/akhamani.org\/wp-content\/uploads\/2021\/06\/193624079_936452497187705_6519835381973828494_n-240x300.jpg 240w, https:\/\/akhamani.org\/wp-content\/uploads\/2021\/06\/193624079_936452497187705_6519835381973828494_n-818x1024.jpg 818w, https:\/\/akhamani.org\/wp-content\/uploads\/2021\/06\/193624079_936452497187705_6519835381973828494_n-768x961.jpg 768w, https:\/\/akhamani.org\/wp-content\/uploads\/2021\/06\/193624079_936452497187705_6519835381973828494_n-10x12.jpg 10w, https:\/\/akhamani.org\/wp-content\/uploads\/2021\/06\/193624079_936452497187705_6519835381973828494_n-350x438.jpg 350w, https:\/\/akhamani.org\/wp-content\/uploads\/2021\/06\/193624079_936452497187705_6519835381973828494_n-48x60.jpg 48w, https:\/\/akhamani.org\/wp-content\/uploads\/2021\/06\/193624079_936452497187705_6519835381973828494_n-72x90.jpg 72w, https:\/\/akhamani.org\/wp-content\/uploads\/2021\/06\/193624079_936452497187705_6519835381973828494_n.jpg 1048w\" sizes=\"auto, (max-width: 240px) 100vw, 240px\" \/><\/figure><div class=\"wp-block-media-text__content\">\n<p>Desde 2010 Gazom Lhamo, vive en Francia con su familia. Naci\u00f3 en Kham Nangchen Chopdak, T\u00edbet; un pueblo n\u00f3mada rodeado de altas monta\u00f1as, bordeado por un r\u00edo y un prado. Cuando era peque\u00f1a, le encantaba cantar las canciones que su abuela le ense\u00f1aba. La abuela de Gazom Lhamo ten\u00eda una voz muy hermosa y amaba cantar.<br>Ella sol\u00eda decirle: &#8220;Cuando cantas, no te sientes cansada ni inc\u00f3moda.&#8221; Ella cantaba para afirmarse mientras trabajaba. A la edad de 7 a\u00f1os Gazom comenz\u00f3 a cantar canciones tradicionales frente al p\u00fablico; su especialidad es el canto Khamlu (canto de las monta\u00f1as). Desde entonces ha cantado canciones tradicionales, Khamlu y el canto de Mantras. Todas las canciones emanan desde su coraz\u00f3n y las comparte con gran entusiasmo en el mundo.<\/p>\n<\/div><\/div>\n\n\n\n<h3 class=\"wp-block-heading\"><strong>Maria Juana Pe\u00f1a<\/strong><\/h3>\n\n\n\n<div class=\"wp-block-media-text is-stacked-on-mobile\"><figure class=\"wp-block-media-text__media\"><img loading=\"lazy\" decoding=\"async\" width=\"1200\" height=\"1600\" src=\"https:\/\/akhamani.org\/wp-content\/uploads\/2025\/11\/signal-2025-12-19-171949_002.jpeg\" alt=\"Maria Juana Pe\u00f1a\" class=\"wp-image-4507 size-full\" srcset=\"https:\/\/akhamani.org\/wp-content\/uploads\/2025\/11\/signal-2025-12-19-171949_002.jpeg 1200w, https:\/\/akhamani.org\/wp-content\/uploads\/2025\/11\/signal-2025-12-19-171949_002-225x300.jpeg 225w, https:\/\/akhamani.org\/wp-content\/uploads\/2025\/11\/signal-2025-12-19-171949_002-768x1024.jpeg 768w, https:\/\/akhamani.org\/wp-content\/uploads\/2025\/11\/signal-2025-12-19-171949_002-50x67.jpeg 50w, https:\/\/akhamani.org\/wp-content\/uploads\/2025\/11\/signal-2025-12-19-171949_002-1152x1536.jpeg 1152w, https:\/\/akhamani.org\/wp-content\/uploads\/2025\/11\/signal-2025-12-19-171949_002-9x12.jpeg 9w, https:\/\/akhamani.org\/wp-content\/uploads\/2025\/11\/signal-2025-12-19-171949_002-350x467.jpeg 350w\" sizes=\"auto, (max-width: 706px) 89vw, (max-width: 767px) 82vw, 740px\" \/><\/figure><div class=\"wp-block-media-text__content\">\n<p>Mujer y\u00fch\u00fc-otomi coraz\u00f3n de \u00c1guila, mujer de canto y aprendiz de mujer sab\u00eda, mujer medicina a trav\u00e9s de la palabra y el canto ta&#8217;ra oshki.<\/p>\n\n\n\n<p>Las abuelas y mujeres medicina te ense\u00f1aran secretos de la naturaleza. Los sabios y los guardianes te compartir\u00e1n conocimientos milenarios y de tu tradici\u00f3n para tu andar por los senderos y caminos de esta vida.<\/p>\n\n\n\n<p>Cantante originaria de la comunidad ind\u00edgena San Jer\u00f3nimo Acazulco, Municipio de Ocoyoacac, Estado de M\u00e9xico.<\/p>\n\n\n\n<p>Mar\u00eda Pe\u00f1a a trav\u00e9s de varios a\u00f1os da a conocer su cultura, su idioma, sus tradiciones con el \u00fanico objetivo de difundir y dar a conocer la cultura Otom\u00ed Y\u00fch\u00fc, que tiene m\u00e1s de 500 a\u00f1os habitando en los bosques de la Sierra De las Cruces.<\/p>\n<\/div><\/div>\n\n\n\n<h3 class=\"wp-block-heading\"><strong>Ilin Kyn<\/strong><\/h3>\n\n\n\n<div class=\"wp-block-media-text is-stacked-on-mobile\" style=\"grid-template-columns:47% auto\"><figure class=\"wp-block-media-text__media\"><img loading=\"lazy\" decoding=\"async\" width=\"577\" height=\"1024\" src=\"https:\/\/akhamani.org\/wp-content\/uploads\/2026\/04\/ilin-577x1024.jpeg\" alt=\"Ilin\" class=\"wp-image-5294 size-full\" srcset=\"https:\/\/akhamani.org\/wp-content\/uploads\/2026\/04\/ilin-577x1024.jpeg 577w, https:\/\/akhamani.org\/wp-content\/uploads\/2026\/04\/ilin-169x300.jpeg 169w, https:\/\/akhamani.org\/wp-content\/uploads\/2026\/04\/ilin-50x89.jpeg 50w, https:\/\/akhamani.org\/wp-content\/uploads\/2026\/04\/ilin-7x12.jpeg 7w, https:\/\/akhamani.org\/wp-content\/uploads\/2026\/04\/ilin-350x621.jpeg 350w, https:\/\/akhamani.org\/wp-content\/uploads\/2026\/04\/ilin.jpeg 721w\" sizes=\"auto, (max-width: 577px) 100vw, 577px\" \/><\/figure><div class=\"wp-block-media-text__content\">\n<p>Ilin Kyn es chamana blanca y de bendiciones desde novena generaci\u00f3n en su linaje. Pertenece al pueblo Sakha del norte de Siberia. Sus ancestros fueron chamanes herreros. Ilin Kyn ha trabajado durante a\u00f1os con el elemento fuego.<\/p>\n\n\n\n<p>Entre otras cosas, realiza la ceremonia del fuego Algys, un antiguo y poderoso ritual de bendici\u00f3n y purificaci\u00f3n de su pueblo.<\/p>\n\n\n\n<p>Se form\u00f3 como profesora de yoga en Rishikesh, India. As\u00ed mismo actualmente es directora art\u00edstica de teatro. En su natal Yakutia fundo el Teatro Algys, un teatro inclusivo. Durante muchos a\u00f1os ha reunido a personas con y sin discapacidad actuando juntas en el escenario.<\/p>\n\n\n\n<p>Como m\u00fasica y cantante, ofrece conciertos de sanaci\u00f3n e imparte talleres de canto intuitivo en Asia y Europa.<\/p>\n<\/div><\/div>\n\n\n\n<h3 class=\"wp-block-heading\"><strong>Alexandra Futschik<\/strong><\/h3>\n\n\n\n<div class=\"wp-block-media-text is-stacked-on-mobile\"><figure class=\"wp-block-media-text__media\"><img loading=\"lazy\" decoding=\"async\" width=\"683\" height=\"1024\" src=\"https:\/\/akhamani.org\/wp-content\/uploads\/2026\/04\/Alexandra-Futschik-683x1024.jpeg\" alt=\"Alexandra Futschik\" class=\"wp-image-5310 size-full\" srcset=\"https:\/\/akhamani.org\/wp-content\/uploads\/2026\/04\/Alexandra-Futschik-683x1024.jpeg 683w, https:\/\/akhamani.org\/wp-content\/uploads\/2026\/04\/Alexandra-Futschik-200x300.jpeg 200w, https:\/\/akhamani.org\/wp-content\/uploads\/2026\/04\/Alexandra-Futschik-768x1151.jpeg 768w, https:\/\/akhamani.org\/wp-content\/uploads\/2026\/04\/Alexandra-Futschik-50x75.jpeg 50w, https:\/\/akhamani.org\/wp-content\/uploads\/2026\/04\/Alexandra-Futschik-8x12.jpeg 8w, https:\/\/akhamani.org\/wp-content\/uploads\/2026\/04\/Alexandra-Futschik-350x525.jpeg 350w, https:\/\/akhamani.org\/wp-content\/uploads\/2026\/04\/Alexandra-Futschik.jpeg 942w\" sizes=\"auto, (max-width: 683px) 100vw, 683px\" \/><\/figure><div class=\"wp-block-media-text__content\">\n<p>Me llamo Alexandra Futschik y provengo de los profundos bosques del este de Siberia, cerca del lago Baikal. Hija de un herrero-cham\u00e1n. Inicialmente rechac\u00e9 el chamanismo hasta que un ritual en el bosque me conect\u00f3 con mis ancestros. All\u00ed, reconoc\u00ed la bendici\u00f3n de la sanaci\u00f3n.<br>Como mujeres, somos hijas de la Madre Tierra. Al reconocer nuestro poder, sanamos esta relaci\u00f3n. Al hacerlo, creamos armon\u00eda y equilibrio, no solo para nosotras mismas, sino para todos.<\/p>\n\n\n\n<p>Junto con mi pareja, soy cofundadora del centro de retiros &#8220;Espacio de Corazones&#8221;. En mis c\u00edrculos cham\u00e1nicos para mujeres, creo un espacio de amor y respeto. Como chamana, canalizadora, formadora de mujeres y psic\u00f3loga oriental. Mi misi\u00f3n es empoderar a las mujeres para que usemos nuestra fuerza femenina de enraizamiento para traer equilibrio al mundo.<\/p>\n<\/div><\/div>\n\n\n\n<h3 class=\"wp-block-heading\"><strong>Chimgee Kadel<\/strong><\/h3>\n\n\n\n<div class=\"wp-block-media-text is-stacked-on-mobile\"><figure class=\"wp-block-media-text__media\"><img loading=\"lazy\" decoding=\"async\" width=\"472\" height=\"1024\" src=\"https:\/\/akhamani.org\/wp-content\/uploads\/2026\/03\/chimgee-new-472x1024.jpg\" alt=\"Chimgee Zorigt Kadel\" class=\"wp-image-5218 size-full\" srcset=\"https:\/\/akhamani.org\/wp-content\/uploads\/2026\/03\/chimgee-new-472x1024.jpg 472w, https:\/\/akhamani.org\/wp-content\/uploads\/2026\/03\/chimgee-new-138x300.jpg 138w, https:\/\/akhamani.org\/wp-content\/uploads\/2026\/03\/chimgee-new-50x108.jpg 50w, https:\/\/akhamani.org\/wp-content\/uploads\/2026\/03\/chimgee-new-708x1536.jpg 708w, https:\/\/akhamani.org\/wp-content\/uploads\/2026\/03\/chimgee-new-6x12.jpg 6w, https:\/\/akhamani.org\/wp-content\/uploads\/2026\/03\/chimgee-new-350x759.jpg 350w, https:\/\/akhamani.org\/wp-content\/uploads\/2026\/03\/chimgee-new.jpg 738w\" sizes=\"auto, (max-width: 472px) 100vw, 472px\" \/><\/figure><div class=\"wp-block-media-text__content\">\n<p>Me llamo Chimgeeb Zorigt Kadel. Nac\u00ed a orillas del lago Tsagaan Nuur, en Mongolia, provengo de una familia de chamanes siberianos que viv\u00edan como cazadores y n\u00f3madas dedicados al pastoreo de renos. De ni\u00f1a era d\u00e9bil y sol\u00eda estar en la unidad de cuidados intensivos de un hospital, pero una y otra vez me curaban los chamanes de la taiga Siberiana, que en aquella \u00e9poca ten\u00edan que ocultar su identidad. Desde muy temprana edad experiment\u00e9 visiones en trance; durante mucho tiempo apenas pod\u00eda recordarlas. Solo sent\u00eda sensaciones extra\u00f1as.<\/p>\n\n\n\n<p>Creo profundamente que el alma, el poder del esp\u00edritu y la conexi\u00f3n con los antepasados constituyen la base de una vida consciente, exitosa y plena. A trav\u00e9s de esta conexi\u00f3n se abre un canal vivo entre el ser humano, la dimensi\u00f3n espiritual y la verdadera naturaleza de su existencia.<\/p>\n\n\n\n<p>Mi camino consciente hacia el chamanismo comenz\u00f3 cuando una amiga me pidi\u00f3 que la acompa\u00f1ara a ver a su maestra. Desde entonces, trabajo con los esp\u00edritus de la naturaleza, restablezco el equilibrio y la armon\u00eda. Busco soluciones a problemas energ\u00e9ticos y espirituales. El respeto, los dones y el di\u00e1logo con las fuerzas de la naturaleza son herramientas fundamentales en este proceso.<\/p>\n<\/div><\/div>\n\n\n\n<p>Paralelamente, como guia energ\u00e9tica, acompa\u00f1o a las personas en su camino hacia un mayor autoconocimiento, libertad interior y aceptaci\u00f3n. Les ayudo a reconocer su verdadera naturaleza, su fuerza y su lugar en el mundo, a abrir el coraz\u00f3n y a desarrollar un amor propio incondicional. La conexi\u00f3n con los antepasados, el poder del esp\u00edritu y el alma son para m\u00ed la base de una vida consciente y plena.<\/p>\n\n\n\n<h3 class=\"wp-block-heading\"><strong>Tha Wiyaka Wakan<\/strong><\/h3>\n\n\n\n<div class=\"wp-block-media-text is-stacked-on-mobile\"><figure class=\"wp-block-media-text__media\"><img loading=\"lazy\" decoding=\"async\" width=\"236\" height=\"300\" src=\"https:\/\/akhamani.org\/wp-content\/uploads\/2020\/08\/tha_profile_image-236x300.jpeg\" alt=\"akhamani-ancestral-wisdom-keeper\" class=\"wp-image-160 size-full\" srcset=\"https:\/\/akhamani.org\/wp-content\/uploads\/2020\/08\/tha_profile_image-236x300.jpeg 236w, https:\/\/akhamani.org\/wp-content\/uploads\/2020\/08\/tha_profile_image-350x446.jpeg 350w, https:\/\/akhamani.org\/wp-content\/uploads\/2020\/08\/tha_profile_image.jpeg 720w\" sizes=\"auto, (max-width: 236px) 100vw, 236px\" \/><\/figure><div class=\"wp-block-media-text__content\">\n<p>Tha Wiyaka Wakan es de ascendencia o linaje Dine\u00b4 de Norte Am\u00e9rica. Sus clanes son el pueblo Bitterwater por parte de su madre, el pueblo Edgewater por parte de su padre, Toweringhouse por su lado materno, y los Que Camina Alrededor por su lado paterno. Naci\u00f3 en las monta\u00f1as sagradas del pueblo Dine\u2019. Su nombre es de un guerrero y le fue dado a partir de una visi\u00f3n de uno de sus t\u00edos. Siguiendo los pasos de sus antepasados, es el guardi\u00e1n de las historias de origen Dine\u00b4, que le fueron transmitidas oralmente. Su pueblo a\u00fan practica y mantiene sus ceremonias y su lengua, que se derivaron de los sonidos de la naturaleza. Es chief, l\u00edder general, danzante del sol, bombero\/t\u00e9cnico de emergencias m\u00e9dicas, primer interviniente; hombre de muchos oficios, cazador, pescador e interpretador de sue\u00f1os.<\/p>\n<\/div><\/div>\n\n\n\n<h3 class=\"wp-block-heading\"><strong>Amir Oorzhak<\/strong><\/h3>\n\n\n\n<div class=\"wp-block-media-text is-stacked-on-mobile\" style=\"grid-template-columns:47% auto\"><figure class=\"wp-block-media-text__media\"><img loading=\"lazy\" decoding=\"async\" width=\"1024\" height=\"683\" src=\"https:\/\/akhamani.org\/wp-content\/uploads\/2026\/03\/amir_oorzhak-1024x683.jpeg\" alt=\"Amir oorzhak\" class=\"wp-image-5268 size-full\" srcset=\"https:\/\/akhamani.org\/wp-content\/uploads\/2026\/03\/amir_oorzhak-1024x683.jpeg 1024w, https:\/\/akhamani.org\/wp-content\/uploads\/2026\/03\/amir_oorzhak-300x200.jpeg 300w, https:\/\/akhamani.org\/wp-content\/uploads\/2026\/03\/amir_oorzhak-768x512.jpeg 768w, https:\/\/akhamani.org\/wp-content\/uploads\/2026\/03\/amir_oorzhak-50x33.jpeg 50w, https:\/\/akhamani.org\/wp-content\/uploads\/2026\/03\/amir_oorzhak-18x12.jpeg 18w, https:\/\/akhamani.org\/wp-content\/uploads\/2026\/03\/amir_oorzhak-350x233.jpeg 350w, https:\/\/akhamani.org\/wp-content\/uploads\/2026\/03\/amir_oorzhak.jpeg 1080w\" sizes=\"auto, (max-width: 706px) 89vw, (max-width: 767px) 82vw, 740px\" \/><\/figure><div class=\"wp-block-media-text__content\">\n<p>Amir Oorzhak es un cham\u00e1n Negro, heredero de linaje de los Nueve Cielos, herencia paterna y materna. Originario de Tuv\u00e1, cuna del chamanismo. Solo los chamanes negros tienen derecho a realizar tratamientos de sanaci\u00f3n, contando con el apoyo de las deidades y esp\u00edritus.&nbsp;<\/p>\n\n\n\n<p>Hijo del renombrado cham\u00e1n Nikolai Oorzhak. Creci\u00f3 inmerso en una profunda tradici\u00f3n cham\u00e1nica, desde ni\u00f1o aprendi\u00f3 las t\u00e9cnicas familiares para abrir las &#8220;puertas&#8221; al mundo de las energ\u00edas internas y comunicarse con los esp\u00edritus.<\/p>\n\n\n\n<p>Amir domina instrumentos \u00e9tnicos tradicionales \u2014shor, khomus, igil, flauta y tambor\u2014, as\u00ed como el canto gutural tuvano (khoomei), que incorpora a sus sesiones de sanaci\u00f3n.<\/p>\n\n\n\n<p>As\u00ed mismo tambi\u00e9n ense\u00f1a la &#8220;Danza del \u00c1guila&#8221;, una pr\u00e1ctica espiritual y f\u00edsica para el autoconocimiento y el crecimiento personal.<\/p>\n<\/div><\/div>\n\n\n\n<p>En su trabajo, Amir combina posturas rituales, la purificaci\u00f3n con enebro, los sonidos de instrumentos ancestrales y las vibraciones de mantras para promover procesos de sanaci\u00f3n en todos los niveles, desde dolencias f\u00edsicas complejas hasta la transformaci\u00f3n de patrones internos.<\/p>\n\n\n\n<p>Durante sus sesiones, tambi\u00e9n ense\u00f1a el canto gutural como m\u00e9todo pr\u00e1ctico para conectar con energ\u00edas superiores y activar los procesos de autocuraci\u00f3n del cuerpo.<br>Es maestro de la ense\u00f1anza antigua y pr\u00e1ctica de adivinaci\u00f3n con piedras de Khuvanak.<\/p>\n\n\n\n<p>Actualmente comparte clases magistrales, pr\u00e1cticas como &#8220;Un-Hun&#8221; y la &#8220;Danza del \u00c1guila&#8221;, conferencias p\u00fablicas, presentaciones y rituales. Amir realiza con \u00e9xito sesiones privadas en varios pa\u00edses, incluyendo Francia, Letonia, Rumania, Rep\u00fablica Checa, Suiza, Alemania y otros, tanto en l\u00ednea como presencialmente.<\/p>\n\n\n\n<h3 class=\"wp-block-heading\"><strong>Usawuabi<\/strong><\/h3>\n\n\n\n<div class=\"wp-block-media-text is-stacked-on-mobile\"><figure class=\"wp-block-media-text__media\"><img loading=\"lazy\" decoding=\"async\" width=\"668\" height=\"1069\" src=\"https:\/\/akhamani.org\/wp-content\/uploads\/2025\/11\/emilio_usawuabi1_improved.jpg\" alt=\"Emilio usawuabi1 improved\" class=\"wp-image-4343 size-full\" srcset=\"https:\/\/akhamani.org\/wp-content\/uploads\/2025\/11\/emilio_usawuabi1_improved.jpg 668w, https:\/\/akhamani.org\/wp-content\/uploads\/2025\/11\/emilio_usawuabi1_improved-187x300.jpg 187w, https:\/\/akhamani.org\/wp-content\/uploads\/2025\/11\/emilio_usawuabi1_improved-640x1024.jpg 640w, https:\/\/akhamani.org\/wp-content\/uploads\/2025\/11\/emilio_usawuabi1_improved-50x80.jpg 50w, https:\/\/akhamani.org\/wp-content\/uploads\/2025\/11\/emilio_usawuabi1_improved-7x12.jpg 7w, https:\/\/akhamani.org\/wp-content\/uploads\/2025\/11\/emilio_usawuabi1_improved-350x560.jpg 350w\" sizes=\"auto, (max-width: 668px) 100vw, 668px\" \/><\/figure><div class=\"wp-block-media-text__content\">\n<p>Su nombre original es &#8220;Usawuabi&#8221;, que significa pintura azul que solo ocurre en el desierto de Wirikuta y se utiliza para pintar las caras de los peregrinos, as\u00ed como para ofrecer flechas que se llevan a lugares sagrados. Vive en un pueblo de la regi\u00f3n Wix\u00e1rika de la Sierra Madre Occidental llamado AARUXI PA, que significa lugar de los pavos, un animal sagrado para los ancestros. Proviene de un pueblo lleno de artistas que conservan una extraordinaria cosmovisi\u00f3n, siempre ceremonial y siempre respetando la maravillosa naturaleza que nos rodea. Viviendo en profunda gratitud hacia la Madre Tierra (tatei yurie\u2019naka), con la intenci\u00f3n de ser digno de la experiencia del amanecer de cada d\u00eda.<\/p>\n<\/div><\/div>\n\n\n\n<p>Con el tiempo, se convirti\u00f3 en una parte integral de este maravilloso pueblo. Usawuabi se siente afortunado de saber que no es el \u00fanico que se esfuerza por mantener vivas las formas tradicionales de vida, muchos abuelos contin\u00faan fortaleciendo a los pueblos nativos. Desde muy joven sus padres lo introdujeron a su cultura ancestral. A medida que crec\u00eda fortaleci\u00f3 sus ra\u00edces y su cultura. Fue as\u00ed que fue comprendiendo que estas ense\u00f1anzas no tratan tan solo de su persona o sus ra\u00edces, sino de toda la vida, la totalidad de la vida que est\u00e1 evolucionando d\u00eda a d\u00eda.<\/p>\n\n\n\n<h3 class=\"wp-block-heading\"><strong>L\u00e9o Bardo Pe\u00f1a<\/strong><\/h3>\n\n\n\n<div class=\"wp-block-media-text is-stacked-on-mobile\"><figure class=\"wp-block-media-text__media\"><img loading=\"lazy\" decoding=\"async\" width=\"678\" height=\"1024\" src=\"https:\/\/akhamani.org\/wp-content\/uploads\/2025\/12\/leobardo-pena-678x1024.jpeg\" alt=\"Leobardo pena\" class=\"wp-image-4616 size-full\" srcset=\"https:\/\/akhamani.org\/wp-content\/uploads\/2025\/12\/leobardo-pena-678x1024.jpeg 678w, https:\/\/akhamani.org\/wp-content\/uploads\/2025\/12\/leobardo-pena-199x300.jpeg 199w, https:\/\/akhamani.org\/wp-content\/uploads\/2025\/12\/leobardo-pena-768x1160.jpeg 768w, https:\/\/akhamani.org\/wp-content\/uploads\/2025\/12\/leobardo-pena-50x76.jpeg 50w, https:\/\/akhamani.org\/wp-content\/uploads\/2025\/12\/leobardo-pena-1017x1536.jpeg 1017w, https:\/\/akhamani.org\/wp-content\/uploads\/2025\/12\/leobardo-pena-8x12.jpeg 8w, https:\/\/akhamani.org\/wp-content\/uploads\/2025\/12\/leobardo-pena-350x529.jpeg 350w, https:\/\/akhamani.org\/wp-content\/uploads\/2025\/12\/leobardo-pena.jpeg 1059w\" sizes=\"auto, (max-width: 678px) 100vw, 678px\" \/><\/figure><div class=\"wp-block-media-text__content\">\n<p>Para Leo Bardo la sabidur\u00eda ancestral es la herramienta con la que los humanos mantienen su memoria y su misi\u00f3n en este maravilloso planeta. La experiencia que lleva a un ser humano a la conciencia es, en gran medida, aquello que nutre al universo al conocerse a s\u00ed mismo a trav\u00e9s de su propia creaci\u00f3n; esto es lo que he encontrado en mi camino al comprometerme cada d\u00eda a honrar la claridad de la vida.<\/p>\n\n\n\n<p>Nac\u00ed en M\u00e9xico siendo un viajero en el tiempo; mi linaje humano me ha llevado a conocer, viajar y explorar diversas \u00e1reas sagradas de mi pa\u00eds, de Sudam\u00e9rica y Asia; entre las que se incluyen cuevas, monta\u00f1as, bosques, desiertos, selvas y santuarios naturales donde la conexi\u00f3n cosmos-tierra guarda sus memorias. Fui amigo y aprendiz del \u00faltimo guardi\u00e1n de linaje olmeca Jes\u00fas Fabian Ortiz, juntos estudiamos las ra\u00edces profundas del contacto interior con el fuego sagrado, y su relaci\u00f3n con el conteo del tiempo, el fuego como elemento transformador de la vida, que gu\u00eda a estados de presencia plena.<\/p>\n<\/div><\/div>\n\n\n\n<p>Como investigador y comunicador, difundo la voz de la sabidur\u00eda ancestral de los pueblos originarios de la Tierra y de aquellos seres que nos visitan desde el vasto universo; porque ambos nos invitan a reflexionar, unificar y evolucionar la conciencia en expansi\u00f3n.<\/p>\n\n\n\n<p>Para nuestra humanidad, a\u00fan hay una gran esperanza de recuperar y acompa\u00f1ar el orden c\u00f3smico si somos responsables, compasivos y amorosos como colectivo.<\/p>\n\n\n\n<h3 class=\"wp-block-heading\"><strong>Jonas Allgaier<\/strong><\/h3>\n\n\n\n<p>Guardian del Fuego<\/p>\n\n\n\n<div class=\"wp-block-media-text is-stacked-on-mobile\"><figure class=\"wp-block-media-text__media\"><img loading=\"lazy\" decoding=\"async\" width=\"534\" height=\"1024\" src=\"https:\/\/akhamani.org\/wp-content\/uploads\/2026\/01\/fire-keeper-534x1024.jpg\" alt=\"Jonas Allgaier\" class=\"wp-image-4667 size-full\" srcset=\"https:\/\/akhamani.org\/wp-content\/uploads\/2026\/01\/fire-keeper-534x1024.jpg 534w, https:\/\/akhamani.org\/wp-content\/uploads\/2026\/01\/fire-keeper-157x300.jpg 157w, https:\/\/akhamani.org\/wp-content\/uploads\/2026\/01\/fire-keeper-768x1472.jpg 768w, https:\/\/akhamani.org\/wp-content\/uploads\/2026\/01\/fire-keeper-50x96.jpg 50w, https:\/\/akhamani.org\/wp-content\/uploads\/2026\/01\/fire-keeper-801x1536.jpg 801w, https:\/\/akhamani.org\/wp-content\/uploads\/2026\/01\/fire-keeper-6x12.jpg 6w, https:\/\/akhamani.org\/wp-content\/uploads\/2026\/01\/fire-keeper-350x671.jpg 350w, https:\/\/akhamani.org\/wp-content\/uploads\/2026\/01\/fire-keeper.jpg 1067w\" sizes=\"auto, (max-width: 534px) 100vw, 534px\" \/><\/figure><div class=\"wp-block-media-text__content\">\n<p>Crec\u00ed en un pueblo del sur de Alemania, enclavado a los pies de la Selva Negra y los Alpes Suabos, pas\u00e9 gran parte de mi juventud inmerso en la naturaleza. Las monta\u00f1as, los r\u00edos y los bosques siempre han sido parte integral de mi vida y hogar. A medida que maduraba, buscaba comprender la profunda conexi\u00f3n que compartimos con la naturaleza. Mi viaje me llev\u00f3 a varias granjas en Europa y M\u00e9xico, donde me esforc\u00e9 por profundizar mi relaci\u00f3n con las plantas, fomentando mi comprensi\u00f3n de los ecosistemas y nuestro lugar como seres humanos en el medio ambiente.<\/p>\n\n\n\n<p>Durante este tiempo, comenc\u00e9 a buscar ense\u00f1anzas de los guardianes de la sabidur\u00eda antigua. Mi compromiso continuo es seguir aprendiendo a vivir en equilibrio, para poder alinear mi vida diaria con la pr\u00e1ctica filos\u00f3fica de nuestros ancestros. Actualmente me enfoco en las formas sagradas del cuidado ancestral del fuego. Con esta aspiraci\u00f3n, sigo visitando comunidades y pueblos originarios de todo el mundo; observando y buscando su sabidur\u00eda, as\u00ed como su consejo para acercarme a las pr\u00e1cticas esenciales cuales son comunes en nuestra humanidad unificada.<\/p>\n<\/div><\/div>\n\n\n\n<h2 class=\"wp-block-heading\">Transmisi\u00f3n Oral<\/h2>\n\n\n\n<p>A medida que aumenta nuestra conciencia y conocimiento sobre las tradiciones y las culturas ancestrales, tambi\u00e9n debe aumentar nuestro honor y respeto hacia estas formas.<\/p>\n\n\n\n<p>Esto no ha sido siempre en el caso de algunas comunidades originarias. Siempre hay quienes se presentan como Sanadores, Ancianos o Personas de Medicina que no han ganado ese t\u00edtulo y pueden usar las ense\u00f1anzas y medicinas de manera incorrecta. Es importante que todos, especialmente los j\u00f3venes, sean conscientes de esto y ejerzan precauci\u00f3n al buscar sanaci\u00f3n, ense\u00f1anzas o consejos. Es recomendable consultar con personas en quienes conf\u00edes para obtener referencias de Ancianos, Sanadores o Personas de Medicina tradicional que sean respetados y reconocidos.<\/p>\n\n\n\n<p>Un reconocimiento y gratitud especial a los muchos ancianos que eligieron permanecer en el anonimato y no est\u00e1n nombrados aqu\u00ed; as\u00ed como a los ancianos mencionados aqu\u00ed por su sabidur\u00eda, gu\u00eda y apoyo. Sin su experiencia, sabidur\u00eda, humildad y apoyo, no habr\u00edamos sido introducidos a las formas sagradas del Camino Ancestral; a la Sabidur\u00eda de la Naturaleza, de la creaci\u00f3n, y al camino de la Liberaci\u00f3n.<\/p>\n\n\n\n<p>Es gracias a ellos que el desarrollo de la Ceremonia del Nuevo Fuego Ancestral de Unificaci\u00f3n es posible. Que beneficie a toda la creaci\u00f3n.<\/p>\n\n\n\n<p><strong>Dave Courchene, Dr.<\/strong> (Elder &#8211; Nii Gaani Aki Innini &#8211; Leading Earth Man) &#8211; Anishnabe Nation, Eagle Clan.&nbsp; &nbsp;<\/p>\n\n\n\n<p><strong>Daniel, Crow Feather<\/strong> (Teacher, Guardian, Elder) &#8211; Mi\u2019kmaq, Northwestern Woodlands, Canada<\/p>\n\n\n\n<p><strong>Emilia R. Villegas<\/strong> (Guardian, Elder) &#8211; Women of Wisdom, Mexico<\/p>\n\n\n\n<p><strong>Emilio G. Carrillo<\/strong> &#8211; Ceremonial Medicine Man &amp; Artist, Wiix\u00e1ritari, M\u00e9xico<\/p>\n\n\n\n<p><strong>Hamawt\u2019a Runa<\/strong> &#8211; Andean Guardian, Peru<\/p>\n\n\n\n<p><strong>Javier Pe\u00f1a<\/strong> (Guardian) &#8211; Otom\u00ed Ceremonial Man, M\u00e9xico<\/p>\n\n\n\n<p><strong>John Gonzalez<\/strong> &#8211; Mexica Medicine Man, Mexico<\/p>\n\n\n\n<p><strong>Khenpo Ngyma<\/strong> (Teacher) &#8211; Buddhist Lama, Nepal<\/p>\n\n\n\n<p><strong>Khenpo Tsultrim, T.<\/strong> (Elder) &#8211; Buddhist Rinpoche, Tibet<\/p>\n\n\n\n<p><strong>Shagdarsuren, Baynjargal<\/strong> (Guardian, Elder) &#8211;&nbsp; Buddhist High Lama, Mongolia<\/p>\n\n\n\n<p><strong>Tha Wiyaka Wakan<\/strong> (Guardian, Elder) &#8211; Din\u00e9 Medicine Man, Keeper of Stories, Ceremonial Man, Song Medicine, North America<\/p>\n\n\n\n<p><strong>Wanbli Watakpe<\/strong> (Elder) &#8211; Lakota Ceremonial Man, North America<\/p>\n\n\n\n<hr class=\"wp-block-separator has-alpha-channel-opacity is-style-wide\"\/>\n\n\n\n<h1 class=\"wp-block-heading\"><strong><strong>Detalles del Programa<\/strong><\/strong><\/h1>\n\n\n\n<h4 class=\"wp-block-heading\"><strong><strong>Ubicaci\u00f3n del evento<\/strong><\/strong><\/h4>\n\n\n\n<p>En los alpes, cerca de Zurich, Suiza.<\/p>\n\n\n\n<h4 class=\"wp-block-heading\"><strong>Alojamiento (no incluido)<\/strong><\/h4>\n\n\n\n<p>Berggasthaus Hand \u2013 Ibergereggstrasse 35, 6432 Rickenbach, Switzerland<\/p>\n\n\n\n<p>Panoramablick \u2013 Lauenen 1, 6432 Schwyz, Switzerland<\/p>\n\n\n\n<p>Berghaus TV Oerlikon \u2013 Lauenen 9, 6432 Rickenbach, Switzerland<\/p>\n\n\n\n<p>Naturfreundehaus Schienbergh\u00fctte \u2013 Riedmatt 1,6432 Rickenbach, Switzerland<\/p>\n\n\n\n<h4 class=\"wp-block-heading\"><strong>Restaurantes (no incluido)<\/strong><\/h4>\n\n\n\n<p>Berggasthaus Hand \u2013 Ibergereggstrasse 35, 6432 Rickenbach, Switzerland<\/p>\n\n\n\n<p>Restaurant B\u00e4senbeiz \u2013 Huserenberg 2, 6432 Rickenbach, Switzerland<\/p>\n\n\n\n<p>Restaurant Passh\u00f6he \u2013 Ibergeregg 1, 8843 Oberiberg, Switzerland<\/p>\n\n\n\n<p><strong>Por favor, tenga en cuenta que la comida y el alojamiento no est\u00e1n incluidos y deben ser arreglados por su cuenta. Se dispondr\u00e1 de t\u00e9, agua y caf\u00e9 en el lugar.<\/strong><\/p>\n\n\n\n<h4 class=\"wp-block-heading\"><strong>Estructura del Evento<\/strong><\/h4>\n\n\n\n<h5 class=\"wp-block-heading\">D\u00eda 1 &#8211; 18 de junio &#8211; Llegada e introducci\u00f3n<\/h5>\n\n\n\n<ul class=\"wp-block-list\">\n<li>Bienvenida a todos<\/li>\n\n\n\n<li>Pausa para almuerzo &#8211; en el restaurante de tu elecci\u00f3n<\/li>\n\n\n\n<li>Introducci\u00f3n de cada uno; de d\u00f3nde vienen, qu\u00e9 linaje y qu\u00e9 tradici\u00f3n siguen<\/li>\n\n\n\n<li>Introducci\u00f3n a la intenci\u00f3n del fuego, el proceso de su elaboraci\u00f3n y desarrollo hasta ahora, las lecciones aprendidas del camino<\/li>\n\n\n\n<li>Cena &#8211; en el restaurante de tu elecci\u00f3n<\/li>\n\n\n\n<li>Descanso &#8211; en el alojamiento de su elecci\u00f3n<\/li>\n<\/ul>\n\n\n\n<h5 class=\"wp-block-heading\">D\u00eda 2 &#8211; 19 de junio &#8211; Ense\u00f1anzas y Compartir<\/h5>\n\n\n\n<ul class=\"wp-block-list\">\n<li>Desayuno &#8211; en el restaurante de tu elecci\u00f3n<\/li>\n\n\n\n<li>Ense\u00f1anzas sobre las tradiciones de las ceremonias de fuego ancestrales por ancianos de diferentes linajes y partes del mundo<\/li>\n\n\n\n<li>Pausa para almuerzo &#8211; en el restaurante de tu elecci\u00f3n<\/li>\n\n\n\n<li>Continuaci\u00f3n de las ense\u00f1anzas<\/li>\n\n\n\n<li>Cena &#8211; en el restaurante de tu elecci\u00f3n<\/li>\n\n\n\n<li>Descanso &#8211; en el alojamiento de su elecci\u00f3n<\/li>\n<\/ul>\n\n\n\n<h5 class=\"wp-block-heading\">D\u00eda 3 &#8211; 20 de junio &#8211; Encendido del Nuevo Fuego Ancestral de Unificaci\u00f3n que Arder\u00e1 Toda la Noche<\/h5>\n\n\n\n<ul class=\"wp-block-list\">\n<li>Desayuno &#8211; en el restaurante de tu elecci\u00f3n<\/li>\n\n\n\n<li>Ofrenda de humo de monta\u00f1a<\/li>\n\n\n\n<li>Canto tibetano Khamlu por Gazom Lhamo<\/li>\n\n\n\n<li>Pausa para almuerzo &#8211; en el restaurante de tu elecci\u00f3n<\/li>\n\n\n\n<li>Preparaci\u00f3n del fuego<\/li>\n\n\n\n<li>Cena &#8211; en el restaurante de tu elecci\u00f3n<\/li>\n\n\n\n<li>Antes del atardecer, encendido del fuego que arder\u00e1 toda la noche<\/li>\n\n\n\n<li>Descanso del fuego al amanecerunrise<\/li>\n<\/ul>\n\n\n\n<h5 class=\"wp-block-heading\">D\u00eda 4 &#8211; 21 de junio &#8211; Contemplaci\u00f3n e Integraci\u00f3n<\/h5>\n\n\n\n<ul class=\"wp-block-list\">\n<li>Desayuno &#8211; en el restaurante de tu elecci\u00f3n<\/li>\n\n\n\n<li>Descanso despu\u00e9s de la ceremonia nocturna<\/li>\n\n\n\n<li>Pausa para almuerzo &#8211; en el restaurante de tu elecci\u00f3n<\/li>\n\n\n\n<li>Intercambio sobre el Fuego<\/li>\n\n\n\n<li>Cena &#8211;  en el restaurante de tu elecci\u00f3n<\/li>\n\n\n\n<li><strong>Fin del evento<\/strong><\/li>\n<\/ul>\n\n\n\n<div class=\"wp-block-group\"><div class=\"wp-block-group__inner-container is-layout-flow wp-block-group-is-layout-flow\">\n<h2 class=\"wp-block-heading\"><br><strong>Dons<\/strong><\/h2>\n\n\n\n<p>Vous pouvez apporter une aide directe aux communaut\u00e9s ancestrales et aux populations vuln\u00e9rables du monde entier en faisant un don. Tous les dons sont pris en compte\u00a0<strong>des d\u00e9ductions fiscales pour les \u0153uvres de bienfaisance dans tous les pays europ\u00e9ens, aux \u00c9tats-Unis et dans d'autres parties du monde.<\/strong> <\/p>\n\n\n\n<p>Quand vous soutenez Akhamani, vous contribuez \u00e0 aider des populations, des cultures, des savoirs et des lieux qui tendent \u00e0 dispara\u00eetre, et vous cr\u00e9ez un v\u00e9ritable lien qui transcende les fronti\u00e8res. <\/p>\n\n\n\n<p>Veuillez indiquer le montant de votre don ci-dessous et laissez-nous une note pour nous informer du projet auquel votre don est destin\u00e9. Nous vous remercions de votre contribution et de votre soutien !<\/p>\n<\/div><\/div>\n\n\n<div class=\"wdgk_donation_content\">\r\n            <h3>Dons<\/h3>\r\n        \r\n    <div class=\"wdgk_display_option\"> \r\n        <span>\u20ac<\/span>\r\n        <input type=\"text\" name=\"donation-price\" class=\"wdgk_donation\" placeholder=\"Ex. 100\" value=\"\" >\r\n    <\/div>\r\n\r\n    \r\n    <textarea id=\"w3mission\" rows=\"3\" cols=\"20\" placeholder=\"Note\" name=\"donation_note\" class=\"donation_note\"><\/textarea>    <a href=\"javascript:void(0)\" class=\"button wdgk_add_donation\" data-single-dp=\"false\" data-product-id=\"357\" data-product-url=\"https:\/\/akhamani.org\/fr\/cart\/\">\r\n        Faire un Don    <\/a>\r\n    <input type=\"hidden\" name=\"wdgk_product_id\" value=\"\" class=\"wdgk_product_id\">\r\n    <input type=\"hidden\" name=\"wdgk_ajax_url\" value=\"https:\/\/akhamani.org\/wp-admin\/admin-ajax.php\" class=\"wdgk_ajax_url\">\r\n    <img decoding=\"async\" src=\"https:\/\/akhamani.org\/wp-content\/plugins\/woo-donations\/assets\/images\/ajax-loader.gif\" alt=\"wdgk loader image\" class=\"wdgk_loader wdgk_loader_img\">\r\n    <div class=\"wdgk_error_front\"><\/div>\r\n<\/div>\r\n\n\n\n\n<p><\/p>\n\n\n\n<div style=\"height:29px\" aria-hidden=\"true\" class=\"wp-block-spacer\"><\/div>\n\n\n\n<p>Pour savoir plus sur ce que nous faisons avec votre aide, visitez <a href=\"https:\/\/akhamani.org\/fr\/events\/\">\u00c9v\u00e9nements<\/a> et la <a href=\"https:\/\/akhamani.org\/fr\/projects\/\">Projets<\/a> pages.<\/p>\n\n\n\n<p><\/p>","protected":false},"excerpt":{"rendered":"<p>Encendido del Fuego Nuevo Ancestral Unificador en Europa La vida es un lienzo en el que pintamos el retrato de nuestra humanidad. Si bien cada uno sigue un camino \u00fanico, existen muchos hilos universales que nos unen. Muchos hemos sido padres, hijos, hermanos, amigos, gu\u00edas o pareja en alg\u00fan momento; experiencias que, si bien son &hellip; <\/p>\n<p class=\"link-more\"><a href=\"https:\/\/akhamani.org\/fr\/produit\/fuego-nuevo-ancestral-europa-event\/\" class=\"more-link\">Continuer la lecture<span class=\"screen-reader-text\"> de &laquo;&nbsp;Encendido del Fuego Nuevo Ancestral Unificador en Europa \u2014 Solicitud de reserva&nbsp;&raquo;<\/span><\/a><\/p>","protected":false},"author":4,"featured_media":0,"parent":0,"menu_order":0,"comment_status":"closed","ping_status":"closed","template":"","meta":{"_acf_changed":false,"pmpro_default_level":"","slim_seo":{"title":"Encendido del Fuego Nuevo Ancestral Unificador en Europa","description":"Acomp\u00e1\u00f1anos este verano durante el solsticio de 2026 para encender un Nuevo Fuego Ancestral Unificador en Europa y ser parte de un evento que no ha ocurrido en muchos a\u00f1os."},"footnotes":""},"class_list":["post-4553","page","type-page","status-publish","hentry","pmpro-has-access"],"acf":[],"_links":{"self":[{"href":"https:\/\/akhamani.org\/fr\/wp-json\/wp\/v2\/pages\/4553","targetHints":{"allow":["GET"]}}],"collection":[{"href":"https:\/\/akhamani.org\/fr\/wp-json\/wp\/v2\/pages"}],"about":[{"href":"https:\/\/akhamani.org\/fr\/wp-json\/wp\/v2\/types\/page"}],"author":[{"embeddable":true,"href":"https:\/\/akhamani.org\/fr\/wp-json\/wp\/v2\/users\/4"}],"replies":[{"embeddable":true,"href":"https:\/\/akhamani.org\/fr\/wp-json\/wp\/v2\/comments?post=4553"}],"version-history":[{"count":54,"href":"https:\/\/akhamani.org\/fr\/wp-json\/wp\/v2\/pages\/4553\/revisions"}],"predecessor-version":[{"id":5383,"href":"https:\/\/akhamani.org\/fr\/wp-json\/wp\/v2\/pages\/4553\/revisions\/5383"}],"wp:attachment":[{"href":"https:\/\/akhamani.org\/fr\/wp-json\/wp\/v2\/media?parent=4553"}],"curies":[{"name":"wp","href":"https:\/\/api.w.org\/{rel}","templated":true}]}}